{"id":9095,"date":"2020-03-09T15:52:53","date_gmt":"2020-03-09T14:52:53","guid":{"rendered":"https:\/\/mokos.hu\/?page_id=9095\/"},"modified":"2025-01-21T14:25:12","modified_gmt":"2025-01-21T12:25:12","slug":"bread-smell-pods-gastro-village","status":"publish","type":"page","link":"https:\/\/mokos.hu\/en\/kenyer-illata-palkonya-gasztrofalu\/","title":{"rendered":"The smell of bread"},"content":{"rendered":"<div class=\"wpb-content-wrapper\"><div class=\"vc_row wpb_row vc_row-fluid vc_custom_1584090533814 vc_row-has-fill\"><div class=\"wpb_column vc_column_container vc_col-sm-12\"><div class=\"vc_column-inner\"><div class=\"wpb_wrapper\">\n\t<div class=\"wpb_text_column wpb_content_element\" >\n\t\t<div class=\"wpb_wrapper\">\n\t\t\t<p><strong>\"Dear Scent of Bread visitors!<\/strong><\/p>\n<p><strong>As you may already be aware, the government has introduced severe restrictions on events. Please be informed that our Smell of Bread event will be held at a different date (June). <\/strong><strong>We came to this decision after much deliberation, as the nature of the event does not allow for 500 visitors, but we do not want to risk anyone's health. <\/strong><\/p>\n<p><strong>The event is cancelled, but our hotel guests<span class=\"text_exposed_show\">\u00a0we encourage you to come to Palkonya and enjoy the clean air of the countryside, relax and \"slow down\". For small groups we offer a free village walk on Saturday from 2pm (meet in front of the Church). Our restaurants are still open. Thank you for your understanding! We wish you all good health.<\/span><\/strong><\/p>\n<p><strong><span class=\"text_exposed_show\"><br \/>\nBest regards: Palkonya Tourist Association\"<\/span><\/strong><\/p>\n\n\t\t<\/div>\n\t<\/div>\n<\/div><\/div><\/div><\/div><div class=\"vc_row wpb_row vc_row-fluid vc_custom_1584090983190\"><div class=\"wpb_column vc_column_container vc_col-sm-12\"><div class=\"vc_column-inner\"><div class=\"wpb_wrapper\">\n\t<div class=\"wpb_text_column wpb_content_element\" >\n\t\t<div class=\"wpb_wrapper\">\n\t\t\t<h4 style=\"text-align: left;\"><span style=\"color: #ff0000;\">Due to circumstances, the Scent of Bread event will be postponed, <\/span><span style=\"color: #ff0000;\">will be held on a different date. Thank you for your understanding.<\/span><\/h4>\n\n\t\t<\/div>\n\t<\/div>\n<\/div><\/div><\/div><\/div><div class=\"vc_row wpb_row vc_row-fluid\"><div class=\"wpb_column vc_column_container vc_col-sm-12\"><div class=\"vc_column-inner\"><div class=\"wpb_wrapper\">\n\t<div  class=\"wpb_single_image wpb_content_element vc_align_left wpb_content_element\">\n\t\t\n\t\t<figure class=\"wpb_wrapper vc_figure\">\n\t\t\t<div class=\"vc_single_image-wrapper   vc_box_border_grey\"><img fetchpriority=\"high\" decoding=\"async\" width=\"960\" height=\"540\" src=\"https:\/\/mokos.hu\/wp-content\/uploads\/2020\/03\/MOKOS_kenyer_illata_palkonya_gasztrofalu.jpg\" class=\"vc_single_image-img attachment-large\" alt=\"\" title=\"MOKOS_kenyer_illata_palkonya_gastro_village\" srcset=\"https:\/\/mokos.hu\/wp-content\/uploads\/2020\/03\/MOKOS_kenyer_illata_palkonya_gasztrofalu.jpg 960w, https:\/\/mokos.hu\/wp-content\/uploads\/2020\/03\/MOKOS_kenyer_illata_palkonya_gasztrofalu-300x169.jpg 300w, https:\/\/mokos.hu\/wp-content\/uploads\/2020\/03\/MOKOS_kenyer_illata_palkonya_gasztrofalu-600x338.jpg 600w\" sizes=\"(max-width: 960px) 100vw, 960px\" \/><\/div>\n\t\t<\/figure>\n\t<\/div>\n\n\t<div class=\"wpb_text_column wpb_content_element\" >\n\t\t<div class=\"wpb_wrapper\">\n\t\t\t<p><span style=\"font-size: 1.5rem;\"><strong>We are putting a fun, friendly idea into practice at the end of March with our \"The smell of bread\" event.<\/strong> <\/span><span style=\"font-size: 1.5rem;\">We love to eat bread, we love to make bread, we welcome all those who feel the same way. What makes it special, delicious, unique? Is it the ingredients or the way it is made? In our workshops, well-known bakers will share their secrets so that more people can enjoy delicious homemade bread at home!\u00a0<\/span><\/p>\n<p dir=\"ltr\">A few important QUALITY requirements that all bakers and breadmakers must respect:<br \/>\n&gt; Breads must be made with natural leaven only!<br \/>\n&gt; Each product type carries the characteristics of the craft (production methods, composition).<br \/>\n&gt; No \"baking - multi-company advertisements, raw material advertisements, etc.<br \/>\nA professional jury will be set up to ensure that these conditions are met.<\/p>\n<p>We offer you our delicious wines, taste, taste, buy!<br \/>\nDuring the event, you can register for paid workshops, and there will be free lectures and talks on announced topics and times.<\/p>\n<h4><strong>PROGRAMMES:<\/strong><\/h4>\n<p>PAR\u00c1ZS-MESTER POP-UP COMPANY (49 F\u0151 u.) <a href=\"https:\/\/www.facebook.com\/robert.mester.16\" target=\"_blank\" rel=\"noopener noreferrer\">R\u00f3bert Master<\/a> with the participation of the King Baker and his partner bt.<br \/>\nWe have two ovens and there is also the possibility to buy:<br \/>\n-Village sourdough focaccia<br \/>\n-a cavalcade of breads with yeast<br \/>\n-panettone bombs<br \/>\n-brown sugar-almond, sourdough- buttered pastry Tyrolean strudel variations<br \/>\nGARAT MALOM (F\u0151 u. 49.) <a href=\"https:\/\/www.facebook.com\/garatmalom\/\" target=\"_blank\" rel=\"noopener noreferrer\">Garat mill - Moh\u00e1cs<\/a><br \/>\nIncredible flours straight from Moh\u00e1cs.<\/p>\n<p><strong>LECTURES<\/strong><\/p>\n<ul>\n<li>10:30- Master Robert's bread baking skills with sourdough variations<\/li>\n<li>11:30-12:00 Garat Mill: what you need to know about flour<\/li>\n<li><strong>13:00-14:00 Zolt\u00e1n Tak\u00e1cs (BAKE MY DAY): the benefits of sourdough bread and the importance of the ingredients - MOKOS Winery<\/strong><\/li>\n<li>14:00 Master Robert's bread baking skills with sourdough variations15:00-15:30 Garat Mill: what you need to know about flour<\/li>\n<\/ul>\n<p><strong>BAR, PENSION, SPEIZ<\/strong> (F\u0151 u. 76.)<br \/>\nThe sourdough team is back again this year. Our guest will be Gabi Orm\u00f3s (Jen\u0151i Bakery) Szabolcs Szabadfi (Szabi Baker, Panificio il Basilico), and the star chef Wolf Andr\u00e1s. Once again we will be flour makers and we will be baking and cooking all day. The event is free, but pre-registration is required for the workshops and dinner.<\/p>\n<p>12:00 - 19:00 PalKonyha open! FREE!<br \/>\nBread fair (while stocks last), pizza focaccia, and bbq variations from the show kitchen. Kraft beers and artisan wines from the speiz under the arbor. Registration is not required for this program.<\/p>\n<p>Learn from the best, workshops: registration required! &gt;&gt;&gt; <a href=\"https:\/\/l.facebook.com\/l.php?u=https%3A%2F%2Fkenyer.palkonyha.hu%2F%3Ffbclid%3DIwAR1l_rID-exLUz7KB0MT6hzXpuO99U5PWaYcGwjLMWVynN0F4k4qytSKyr4&amp;h=AT028hHiXQrd5nBRfaVgxKQ7eGx3GKq0QYgjWPV0SB2VjTc5tmtyoDWIfVwd5K6wLA3Zt0NFu_V6xZ-__ws9_mHfalY93Hl1xMPETKSz6NS2xg6P17HzL3yk_w1DEvaNIw\" target=\"_blank\" rel=\"nofollow noopener noreferrer\" data-lynx-mode=\"hover\">https:\/\/kenyer.palkonyha.hu<\/a><\/p>\n<p><strong>H\u00c1RS\u00c1GYI PINCE<\/strong><br \/>\nWine tastings and delicacies from the Par\u00e1zs-Mester Pop-up Caf\u00e9 and of course truffles <a href=\"https:\/\/www.facebook.com\/triflafater\/\" target=\"_blank\" rel=\"noopener noreferrer\">Triflafater<\/a> courtesy of.<\/p>\n<p><strong>N\u00c9METH AND N\u00c9METH WINERY<\/strong><br \/>\nSar\u00f3di \u00cdrisz again this year <a href=\"https:\/\/www.facebook.com\/lecsoland\/\" target=\"_blank\" rel=\"noopener noreferrer\">Goat cheese and homemade bread<\/a>t, the baker of the B\u00faza Square market will be our guest.<br \/>\nIt makes breads (spelt, rye, king), buttered buns and Mediterranean baguettes in a wood-fired oven with live baking.<br \/>\nFor lunch, a fried bun with pita and\/or goat cheese is prepared. There will be a variety of scones, snails, surprise sweets.<br \/>\nAnd from &gt;&gt;&gt;&gt;14 children are welcome to bake brioche with \u00cdris!<\/p>\n<p><strong>HARASZTI BIRTOK (Sz\u0151l\u0151hegy) Haraszti Family Winery<\/strong><br \/>\n12:00- Dj's at the Birtok - Delicious electronic beats from the kitchen!<br \/>\nResident DJs packing the vinyl records!<br \/>\n14:00- Ferk\u00f3 Haraszti's pizzas baked in a traditional wood-fired oven!<br \/>\n12:00- Robur shuttle service between Palkonya cellar - Haraszti Birtok<br \/>\n400Ft\/transfer Call Robur: +36 30 577 4331<\/p>\n<p><strong>VAJBISTR\u00d3 <\/strong>- Orf\u0171 Mines<br \/>\nThis year the <a href=\"https:\/\/www.facebook.com\/orfuimalmok\/\" target=\"_blank\" rel=\"noopener noreferrer\">Orf\u0171 Mines<\/a> baked goods and desserts will move to the Butter Bistro's reception for a day, but the restaurant's stuffed cabbage will also be served with Malmok sourdough bread.<br \/>\nFrom 14:00 Kata F\u00fczes will show the technique of making a real shredded cake to the participants of the free presentation. Registration is required to attend the presentation! info@vajbisztro.hu<\/p>\n<p><strong>PAVILION PODIUM<\/strong> - guests <a href=\"https:\/\/www.facebook.com\/OrmaGerilla\/\" target=\"_blank\" rel=\"noopener noreferrer\">Orma Gerilla Bakery<\/a><br \/>\nAll day bread baking in the spirit of sourdough with guest baker Gergl Gergl V\u00e1czi, with whom the P\u00e9cs <a href=\"https:\/\/www.facebook.com\/partisanartshopcafe\/\" target=\"_blank\" rel=\"noopener noreferrer\">Partisancafe<\/a>you can also meet in.<br \/>\nOffering:<br \/>\n- half-brown bread in the spirit of biodiversity, fougasse half-brown Provence flatbread, ciabatta dipped in sourdough bread aioli or with red onion jam.Hmmmmm<\/p>\n<p><strong>BECK WINE VERANDA<\/strong> - NEW LOCATION (50 F\u0151 u.)<br \/>\nIntroducing the new restaurant in Palkonya, where the smell of bread will also be wafting through the day with guest bakers.<\/p>\n\n\t\t<\/div>\n\t<\/div>\n<div class=\"vc_row wpb_row vc_inner vc_row-fluid vc_custom_1583765231174 vc_row-has-fill\"><div class=\"wpb_column vc_column_container vc_col-sm-8\"><div class=\"vc_column-inner\"><div class=\"wpb_wrapper\">\n\t<div class=\"wpb_text_column wpb_content_element\" >\n\t\t<div class=\"wpb_wrapper\">\n\t\t\t<h3><span style=\"color: #000000;\"><b>MOKOS WINERY <\/b><\/span><\/h3>\n<h3><span style=\"color: #000000;\"><b>Guests: <a style=\"color: #000000;\" href=\"http:\/\/bakemyday.hu\/\" target=\"_blank\" rel=\"noopener noreferrer\">BAKE MY DAY BAKERY<\/a>\u00a0\u00a0<\/b><br \/>\n<\/span><\/h3>\n<h4><span style=\"color: #333300;\">13:00-14:00 ZOLT\u00c1N TAK\u00c1CS (BAKE MY DAY): THE BENEFITS OF SOURDOUGH BREAD AND THE IMPORTANCE OF THE INGREDIENTS<\/span><\/h4>\n<p><em><span style=\"color: #000000;\">Presentation and informal discussion with tasting flats<\/span><\/em><\/p>\n<p><span style=\"color: #000000;\">The guest of the Winery, Zolt\u00e1n Tak\u00e1cs (BAKE MY DAY bakery) will give a presentation on the beneficial effects of sourdough bread and the carefully selected ingredients, which will be complemented by an informal discussion and tasting. <\/span>The bread tasting experience will be accompanied by cheese, bread flans and, of course, Mokos Vill\u00e1ny wines and fruit wine specialities.<\/p>\n\n\t\t<\/div>\n\t<\/div>\n<\/div><\/div><\/div><div class=\"wpb_column vc_column_container vc_col-sm-4\"><div class=\"vc_column-inner\"><div class=\"wpb_wrapper\"><div class=\"vc_empty_space\"   style=\"height: 45px\"><span class=\"vc_empty_space_inner\"><\/span><\/div>\n\t<div  class=\"wpb_single_image wpb_content_element vc_align_left wpb_content_element\">\n\t\t\n\t\t<figure class=\"wpb_wrapper vc_figure\">\n\t\t\t<div class=\"vc_single_image-wrapper   vc_box_border_grey\"><img decoding=\"async\" width=\"607\" height=\"720\" src=\"https:\/\/mokos.hu\/wp-content\/uploads\/2020\/03\/bakemyday.jpg\" class=\"vc_single_image-img attachment-large\" alt=\"\" title=\"bakemyday\" srcset=\"https:\/\/mokos.hu\/wp-content\/uploads\/2020\/03\/bakemyday.jpg 607w, https:\/\/mokos.hu\/wp-content\/uploads\/2020\/03\/bakemyday-300x356.jpg 300w, https:\/\/mokos.hu\/wp-content\/uploads\/2020\/03\/bakemyday-600x712.jpg 600w, https:\/\/mokos.hu\/wp-content\/uploads\/2020\/03\/bakemyday-253x300.jpg 253w\" sizes=\"(max-width: 607px) 100vw, 607px\" \/><\/div>\n\t\t<\/figure>\n\t<\/div>\n<\/div><\/div><\/div><\/div><div class=\"vc_empty_space\"   style=\"height: 32px\"><span class=\"vc_empty_space_inner\"><\/span><\/div><div class=\"vc_row wpb_row vc_inner vc_row-fluid vc_custom_1583765231174 vc_row-has-fill\"><div class=\"wpb_column vc_column_container vc_col-sm-8\"><div class=\"vc_column-inner\"><div class=\"wpb_wrapper\">\n\t<div class=\"wpb_text_column wpb_content_element\" >\n\t\t<div class=\"wpb_wrapper\">\n\t\t\t<h3><span style=\"color: #000000;\"><b>MOKOS WINERY <\/b><\/span><\/h3>\n<h3><span style=\"color: #000000;\">guided cellar visit<\/span><\/h3>\n<h4><span style=\"color: #000000;\">10:00 and 15:00 Mokos Winery - wine tasting room<\/span><\/h4>\n<div class=\"entry-content\">\n<p><strong>TAKE A LOOK BEHIND THE SCENES AND LEARN ABOUT THE HISTORY OF OUR WINERY!<\/strong><\/p>\n<p>Take part in our guided cellar and estate visit programme, during which you can get to know our family estate, located in the hillsides of the Vill\u00e1nyi Hills, our nearly 2000 m2 winery, and we will also give you an insight into the wine-making process.<\/p>\n<p>The programme includes a tasting of a 100% Mokos juice.<\/p>\n<p>Price of the programme: 1 500 HUF\/person.<\/p>\n<p><strong>Participation in the programme is subject to prior on-site registration!<\/strong><\/p>\n<\/div>\n\n\t\t<\/div>\n\t<\/div>\n<\/div><\/div><\/div><div class=\"wpb_column vc_column_container vc_col-sm-4\"><div class=\"vc_column-inner\"><div class=\"wpb_wrapper\"><div class=\"vc_empty_space\"   style=\"height: 45px\"><span class=\"vc_empty_space_inner\"><\/span><\/div><div class=\"vc_empty_space\"   style=\"height: 45px\"><span class=\"vc_empty_space_inner\"><\/span><\/div>\n\t<div  class=\"wpb_single_image wpb_content_element vc_align_left wpb_content_element\">\n\t\t\n\t\t<figure class=\"wpb_wrapper vc_figure\">\n\t\t\t<div class=\"vc_single_image-wrapper   vc_box_border_grey\"><img decoding=\"async\" width=\"232\" height=\"300\" src=\"https:\/\/mokos.hu\/wp-content\/uploads\/2020\/03\/Mokos_Pinceszet_Mokos_Peter_foborasz-2-232x300.jpg\" class=\"vc_single_image-img attachment-medium\" alt=\"Mokos_Pinceszet_palkonya_villanyi_borvidesek_Mokos_Peter\" title=\"Mokos_Pinceszet_palkonya_villanyi_borvidesek_Mokos_Peter\" srcset=\"https:\/\/mokos.hu\/wp-content\/uploads\/2020\/03\/Mokos_Pinceszet_Mokos_Peter_foborasz-2-232x300.jpg 232w, https:\/\/mokos.hu\/wp-content\/uploads\/2020\/03\/Mokos_Pinceszet_Mokos_Peter_foborasz-2-300x388.jpg 300w, https:\/\/mokos.hu\/wp-content\/uploads\/2020\/03\/Mokos_Pinceszet_Mokos_Peter_foborasz-2-600x776.jpg 600w, https:\/\/mokos.hu\/wp-content\/uploads\/2020\/03\/Mokos_Pinceszet_Mokos_Peter_foborasz-2-792x1024.jpg 792w, https:\/\/mokos.hu\/wp-content\/uploads\/2020\/03\/Mokos_Pinceszet_Mokos_Peter_foborasz-2-1188x1536.jpg 1188w, https:\/\/mokos.hu\/wp-content\/uploads\/2020\/03\/Mokos_Pinceszet_Mokos_Peter_foborasz-2-1584x2048.jpg 1584w, https:\/\/mokos.hu\/wp-content\/uploads\/2020\/03\/Mokos_Pinceszet_Mokos_Peter_foborasz-2-e1600686283993.jpg 928w\" sizes=\"(max-width: 232px) 100vw, 232px\" \/><\/div>\n\t\t<\/figure>\n\t<\/div>\n<\/div><\/div><\/div><\/div><div class=\"vc_empty_space\"   style=\"height: 32px\"><span class=\"vc_empty_space_inner\"><\/span><\/div>\n\t<div class=\"wpb_text_column wpb_content_element\" >\n\t\t<div class=\"wpb_wrapper\">\n\t\t\t<p>We look forward to welcoming our guests on 28 March 2020.<\/p>\n<p>More information about the event <a href=\"http:\/\/palkonya.hu\/esemeny\/kenyer-illata\/\" target=\"_blank\" rel=\"noopener noreferrer\">HERE<\/a>.<\/p>\n<p>&nbsp;<\/p>\n\n\t\t<\/div>\n\t<\/div>\n<div class=\"vc_empty_space\"   style=\"height: 32px\"><span class=\"vc_empty_space_inner\"><\/span><\/div>\n\t<div class=\"wpb_text_column wpb_content_element\" >\n\t\t<div class=\"wpb_wrapper\">\n\t\t\t<p>Source: <a href=\"http:\/\/palkonya.hu\/esemeny\/kenyer-illata\/\" target=\"_blank\" rel=\"noopener noreferrer\">Palkonya.hu<\/a><\/p>\n\n\t\t<\/div>\n\t<\/div>\n<\/div><\/div><\/div><\/div>\n<\/div>","protected":false},"excerpt":{"rendered":"\u201eKedves Keny\u00e9r illata l\u00e1togat\u00f3k! Mint arr\u00f3l, m\u00e1r bizony\u00e1ra \u00e9rtes\u00fcltek, a korm\u00e1ny komoly korl\u00e1toz\u00e1sokat vezetett be a rendezv\u00e9nyeket illet\u0151en. Ez\u00faton \u00e9rtes\u00edtj\u00fck \u00d6n\u00f6ket, hogy A Keny\u00e9r illata rendezv\u00e9ny\u00fcnket egy m\u00e1sik id\u0151pontban (j\u00faniusban)&hellip;","protected":false},"author":6,"featured_media":0,"parent":0,"menu_order":0,"comment_status":"closed","ping_status":"closed","template":"","meta":{"_acf_changed":false,"footnotes":""},"class_list":["post-9095","page","type-page","status-publish","hentry"],"acf":[],"yoast_head":"<!-- This site is optimized with the Yoast SEO plugin v27.5 - https:\/\/yoast.com\/product\/yoast-seo-wordpress\/ -->\n<title>A Keny\u00e9r Illata - MOKOS Pinc\u00e9szet - Palkonya Gasztrofalu<\/title>\n<meta name=\"description\" content=\"Egy j\u00f3kedv\u0171, bar\u00e1ti hangulatban sz\u00fcletett \u00f6tlet\u00fcnket val\u00f3s\u00edtjuk meg m\u00e1rcius v\u00e9g\u00e9n \u201eA keny\u00e9r illata\u201d rendezv\u00e9ny\u00fcnkkel. \u00c9lvezd vel\u00fcnk az illatokat, \u00edzeket!\" \/>\n<meta name=\"robots\" content=\"index, follow, max-snippet:-1, max-image-preview:large, max-video-preview:-1\" \/>\n<link rel=\"canonical\" href=\"https:\/\/mokos.hu\/en\/bread-smell-pods-gastro-village\/\" \/>\n<meta property=\"og:locale\" content=\"en_US\" \/>\n<meta property=\"og:type\" content=\"article\" \/>\n<meta property=\"og:title\" content=\"A Keny\u00e9r Illata - MOKOS Pinc\u00e9szet - Palkonya Gasztrofalu\" \/>\n<meta property=\"og:description\" content=\"Egy j\u00f3kedv\u0171, bar\u00e1ti hangulatban sz\u00fcletett \u00f6tlet\u00fcnket val\u00f3s\u00edtjuk meg m\u00e1rcius v\u00e9g\u00e9n \u201eA keny\u00e9r illata\u201d rendezv\u00e9ny\u00fcnkkel. \u00c9lvezd vel\u00fcnk az illatokat, \u00edzeket!\" \/>\n<meta property=\"og:url\" content=\"https:\/\/mokos.hu\/en\/bread-smell-pods-gastro-village\/\" \/>\n<meta property=\"og:site_name\" content=\"MOKOS\" \/>\n<meta property=\"article:modified_time\" content=\"2025-01-21T12:25:12+00:00\" \/>\n<meta name=\"twitter:card\" content=\"summary_large_image\" \/>\n<meta name=\"twitter:label1\" content=\"Est. reading time\" \/>\n\t<meta name=\"twitter:data1\" content=\"8 minutes\" \/>\n<script type=\"application\/ld+json\" class=\"yoast-schema-graph\">{\"@context\":\"https:\\\/\\\/schema.org\",\"@graph\":[{\"@type\":\"WebPage\",\"@id\":\"https:\\\/\\\/mokos.hu\\\/kenyer-illata-palkonya-gasztrofalu\\\/\",\"url\":\"https:\\\/\\\/mokos.hu\\\/kenyer-illata-palkonya-gasztrofalu\\\/\",\"name\":\"A Keny\u00e9r Illata - MOKOS Pinc\u00e9szet - Palkonya Gasztrofalu\",\"isPartOf\":{\"@id\":\"https:\\\/\\\/mokos.hu\\\/#website\"},\"datePublished\":\"2020-03-09T14:52:53+00:00\",\"dateModified\":\"2025-01-21T12:25:12+00:00\",\"description\":\"Egy j\u00f3kedv\u0171, bar\u00e1ti hangulatban sz\u00fcletett \u00f6tlet\u00fcnket val\u00f3s\u00edtjuk meg m\u00e1rcius v\u00e9g\u00e9n \u201eA keny\u00e9r illata\u201d rendezv\u00e9ny\u00fcnkkel. \u00c9lvezd vel\u00fcnk az illatokat, \u00edzeket!\",\"breadcrumb\":{\"@id\":\"https:\\\/\\\/mokos.hu\\\/kenyer-illata-palkonya-gasztrofalu\\\/#breadcrumb\"},\"inLanguage\":\"en-US\",\"potentialAction\":[{\"@type\":\"ReadAction\",\"target\":[\"https:\\\/\\\/mokos.hu\\\/kenyer-illata-palkonya-gasztrofalu\\\/\"]}]},{\"@type\":\"BreadcrumbList\",\"@id\":\"https:\\\/\\\/mokos.hu\\\/kenyer-illata-palkonya-gasztrofalu\\\/#breadcrumb\",\"itemListElement\":[{\"@type\":\"ListItem\",\"position\":1,\"name\":\"Home\",\"item\":\"https:\\\/\\\/mokos.hu\\\/\"},{\"@type\":\"ListItem\",\"position\":2,\"name\":\"Keny\u00e9r Illata\"}]},{\"@type\":\"WebSite\",\"@id\":\"https:\\\/\\\/mokos.hu\\\/#website\",\"url\":\"https:\\\/\\\/mokos.hu\\\/\",\"name\":\"MOKOS\",\"description\":\"Csal\u00e1di Pinc\u00e9szet, Palkonya\",\"publisher\":{\"@id\":\"https:\\\/\\\/mokos.hu\\\/#organization\"},\"potentialAction\":[{\"@type\":\"SearchAction\",\"target\":{\"@type\":\"EntryPoint\",\"urlTemplate\":\"https:\\\/\\\/mokos.hu\\\/?s={search_term_string}\"},\"query-input\":{\"@type\":\"PropertyValueSpecification\",\"valueRequired\":true,\"valueName\":\"search_term_string\"}}],\"inLanguage\":\"en-US\"},{\"@type\":\"Organization\",\"@id\":\"https:\\\/\\\/mokos.hu\\\/#organization\",\"name\":\"MOKOS\",\"url\":\"https:\\\/\\\/mokos.hu\\\/\",\"logo\":{\"@type\":\"ImageObject\",\"inLanguage\":\"en-US\",\"@id\":\"https:\\\/\\\/mokos.hu\\\/#\\\/schema\\\/logo\\\/image\\\/\",\"url\":\"https:\\\/\\\/mokos.hu\\\/wp-content\\\/uploads\\\/2018\\\/11\\\/cropped-Mokos_Villanyi-Borvidek-Palkonya-1.png\",\"contentUrl\":\"https:\\\/\\\/mokos.hu\\\/wp-content\\\/uploads\\\/2018\\\/11\\\/cropped-Mokos_Villanyi-Borvidek-Palkonya-1.png\",\"width\":1000,\"height\":245,\"caption\":\"MOKOS\"},\"image\":{\"@id\":\"https:\\\/\\\/mokos.hu\\\/#\\\/schema\\\/logo\\\/image\\\/\"}}]}<\/script>\n<!-- \/ Yoast SEO plugin. -->","yoast_head_json":{"title":"The Smell of Bread - MOKOS Winery - Palkonya Gastronomic Village","description":"We are putting a fun, friendly idea into practice at the end of March with our \"The smell of bread\" event. Enjoy the smells and tastes with us!","robots":{"index":"index","follow":"follow","max-snippet":"max-snippet:-1","max-image-preview":"max-image-preview:large","max-video-preview":"max-video-preview:-1"},"canonical":"https:\/\/mokos.hu\/en\/bread-smell-pods-gastro-village\/","og_locale":"en_US","og_type":"article","og_title":"A Keny\u00e9r Illata - MOKOS Pinc\u00e9szet - Palkonya Gasztrofalu","og_description":"Egy j\u00f3kedv\u0171, bar\u00e1ti hangulatban sz\u00fcletett \u00f6tlet\u00fcnket val\u00f3s\u00edtjuk meg m\u00e1rcius v\u00e9g\u00e9n \u201eA keny\u00e9r illata\u201d rendezv\u00e9ny\u00fcnkkel. \u00c9lvezd vel\u00fcnk az illatokat, \u00edzeket!","og_url":"https:\/\/mokos.hu\/en\/bread-smell-pods-gastro-village\/","og_site_name":"MOKOS","article_modified_time":"2025-01-21T12:25:12+00:00","twitter_card":"summary_large_image","twitter_misc":{"Est. reading time":"8 minutes"},"schema":{"@context":"https:\/\/schema.org","@graph":[{"@type":"WebPage","@id":"https:\/\/mokos.hu\/kenyer-illata-palkonya-gasztrofalu\/","url":"https:\/\/mokos.hu\/kenyer-illata-palkonya-gasztrofalu\/","name":"The Smell of Bread - MOKOS Winery - Palkonya Gastronomic Village","isPartOf":{"@id":"https:\/\/mokos.hu\/#website"},"datePublished":"2020-03-09T14:52:53+00:00","dateModified":"2025-01-21T12:25:12+00:00","description":"We are putting a fun, friendly idea into practice at the end of March with our \"The smell of bread\" event. Enjoy the smells and tastes with us!","breadcrumb":{"@id":"https:\/\/mokos.hu\/kenyer-illata-palkonya-gasztrofalu\/#breadcrumb"},"inLanguage":"en-US","potentialAction":[{"@type":"ReadAction","target":["https:\/\/mokos.hu\/kenyer-illata-palkonya-gasztrofalu\/"]}]},{"@type":"BreadcrumbList","@id":"https:\/\/mokos.hu\/kenyer-illata-palkonya-gasztrofalu\/#breadcrumb","itemListElement":[{"@type":"ListItem","position":1,"name":"Home","item":"https:\/\/mokos.hu\/"},{"@type":"ListItem","position":2,"name":"Keny\u00e9r Illata"}]},{"@type":"WebSite","@id":"https:\/\/mokos.hu\/#website","url":"https:\/\/mokos.hu\/","name":"MOKOS","description":"Family Winery, Palkonya","publisher":{"@id":"https:\/\/mokos.hu\/#organization"},"potentialAction":[{"@type":"SearchAction","target":{"@type":"EntryPoint","urlTemplate":"https:\/\/mokos.hu\/?s={search_term_string}"},"query-input":{"@type":"PropertyValueSpecification","valueRequired":true,"valueName":"search_term_string"}}],"inLanguage":"en-US"},{"@type":"Organization","@id":"https:\/\/mokos.hu\/#organization","name":"MOKOS","url":"https:\/\/mokos.hu\/","logo":{"@type":"ImageObject","inLanguage":"en-US","@id":"https:\/\/mokos.hu\/#\/schema\/logo\/image\/","url":"https:\/\/mokos.hu\/wp-content\/uploads\/2018\/11\/cropped-Mokos_Villanyi-Borvidek-Palkonya-1.png","contentUrl":"https:\/\/mokos.hu\/wp-content\/uploads\/2018\/11\/cropped-Mokos_Villanyi-Borvidek-Palkonya-1.png","width":1000,"height":245,"caption":"MOKOS"},"image":{"@id":"https:\/\/mokos.hu\/#\/schema\/logo\/image\/"}}]}},"_links":{"self":[{"href":"https:\/\/mokos.hu\/en\/wp-json\/wp\/v2\/pages\/9095","targetHints":{"allow":["GET"]}}],"collection":[{"href":"https:\/\/mokos.hu\/en\/wp-json\/wp\/v2\/pages"}],"about":[{"href":"https:\/\/mokos.hu\/en\/wp-json\/wp\/v2\/types\/page"}],"author":[{"embeddable":true,"href":"https:\/\/mokos.hu\/en\/wp-json\/wp\/v2\/users\/6"}],"replies":[{"embeddable":true,"href":"https:\/\/mokos.hu\/en\/wp-json\/wp\/v2\/comments?post=9095"}],"version-history":[{"count":0,"href":"https:\/\/mokos.hu\/en\/wp-json\/wp\/v2\/pages\/9095\/revisions"}],"wp:attachment":[{"href":"https:\/\/mokos.hu\/en\/wp-json\/wp\/v2\/media?parent=9095"}],"curies":[{"name":"wp","href":"https:\/\/api.w.org\/{rel}","templated":true}]}}