{"id":14569,"date":"2022-07-25T15:54:17","date_gmt":"2022-07-25T13:54:17","guid":{"rendered":"https:\/\/mokos.hu\/?page_id=14569\/"},"modified":"2025-01-21T14:25:13","modified_gmt":"2025-01-21T12:25:13","slug":"ordogkatlan-fesztival-2022","status":"publish","type":"page","link":"https:\/\/mokos.hu\/en\/ordogkatlan-fesztival-2022\/","title":{"rendered":"\u00d6rd\u00f6gkatlan Fesztiv\u00e1l 2022"},"content":{"rendered":"<div class=\"wpb-content-wrapper\"><div class=\"vc_row wpb_row vc_row-fluid\"><div class=\"wpb_column vc_column_container vc_col-sm-12\"><div class=\"vc_column-inner\"><div class=\"wpb_wrapper\">\n\t<div  class=\"wpb_single_image wpb_content_element vc_align_center wpb_content_element\">\n\t\t\n\t\t<figure class=\"wpb_wrapper vc_figure\">\n\t\t\t<div class=\"vc_single_image-wrapper   vc_box_border_grey\"><img fetchpriority=\"high\" decoding=\"async\" width=\"1024\" height=\"390\" src=\"https:\/\/mokos.hu\/wp-content\/uploads\/2022\/07\/borito-1024x390.jpg\" class=\"vc_single_image-img attachment-large\" alt=\"\" title=\"borito_\u00f6rd\u00f6gkatlan_program_sz\u00ednh\u00e1z\" srcset=\"https:\/\/mokos.hu\/wp-content\/uploads\/2022\/07\/borito-1024x390.jpg 1024w, https:\/\/mokos.hu\/wp-content\/uploads\/2022\/07\/borito-300x114.jpg 300w, https:\/\/mokos.hu\/wp-content\/uploads\/2022\/07\/borito-600x228.jpg 600w, https:\/\/mokos.hu\/wp-content\/uploads\/2022\/07\/borito-1536x584.jpg 1536w, https:\/\/mokos.hu\/wp-content\/uploads\/2022\/07\/borito-2048x779.jpg 2048w\" sizes=\"(max-width: 1024px) 100vw, 1024px\" \/><\/div>\n\t\t<\/figure>\n\t<\/div>\n\n\t<div class=\"wpb_text_column wpb_content_element\" >\n\t\t<div class=\"wpb_wrapper\">\n\t\t\t<h1 dir=\"ltr\">\u00d6rd\u00f6gkatlan Fesztiv\u00e1l a Mokos Sz\u00ednh\u00e1zban<\/h1>\n<h3>2022.08.02-08.06.<\/h3>\n<p dir=\"ltr\"><strong>Id\u00e9n jubileumot \u00fcnnepl\u00fcnk, hiszen 15. alkalommal ker\u00fcl megrendez\u00e9sre a Vill\u00e1nyi Borvid\u00e9ken egyre nagyobb n\u00e9pszer\u0171s\u00e9gnek \u00f6rvend\u0151 \u00d6rd\u00f6gkatlan Fesztiv\u00e1l! Augusztus 2-6. k\u00f6z\u00f6tt t\u00f6bb helysz\u00ednen, soksz\u00edn\u0171 m\u0171v\u00e9szeti programokkal v\u00e1rj\u00e1k a Katlanlak\u00f3kat.<\/strong><\/p>\n<p dir=\"ltr\">A rendezv\u00e9ny c\u00e9lja, hogy bemutass\u00e1k a magyars\u00e1g m\u0171v\u00e9szeti gazdags\u00e1g\u00e1t a r\u00e9gi\u00f3n bel\u00fcl, \u00e9ppen ez\u00e9rt sz\u00ednh\u00e1zi \u00e9s t\u00e1ncel\u0151ad\u00e1sok, soksz\u00edn\u0171 k\u00f6nny\u0171zenei koncertek, film vet\u00edt\u00e9sek, csal\u00e1di \u00e9s irodalmi programok, ki\u00e1ll\u00edt\u00e1sok \u00e9s megannyi m\u00e1s kultur\u00e1lis \u00e9lm\u00e9ny v\u00e1rja a r\u00e9sztvev\u0151ket. Nem csak a programok, hanem a helysz\u00ednek is igen soksz\u00edn\u0171ek. A k\u00fcl\u00f6nb\u00f6z\u0151 el\u0151ad\u00e1sok Beremenden, Nagyhars\u00e1nyban, Vill\u00e1nyk\u00f6vesden, a Vylyan \u00e9s a Mokos Pinc\u00e9szetben ker\u00fclnek megrendez\u00e9sre.<\/p>\n<p dir=\"ltr\"><strong>L\u00e9gy r\u00e9szese Te is az \u00d6rd\u00f6gkatlan sz\u00ednes programjainak \u00e9s add \u00e1t magad a fesztiv\u00e1lhangulatnak!<\/strong><\/p>\n\n\t\t<\/div>\n\t<\/div>\n\n\t<div class=\"wpb_text_column wpb_content_element\" >\n\t\t<div class=\"wpb_wrapper\">\n\t\t\t<h3>Programok a Mokos Sz\u00ednh\u00e1z sz\u00ednpad\u00e1n:<\/h3>\n\n\t\t<\/div>\n\t<\/div>\n<div class=\"vc_row wpb_row vc_inner vc_row-fluid\"><div class=\"wpb_column vc_column_container vc_col-sm-6\"><div class=\"vc_column-inner\"><div class=\"wpb_wrapper\">\n\t<div  class=\"wpb_single_image wpb_content_element vc_align_center wpb_content_element\">\n\t\t\n\t\t<figure class=\"wpb_wrapper vc_figure\">\n\t\t\t<div class=\"vc_single_image-wrapper   vc_box_border_grey\"><img decoding=\"async\" width=\"1024\" height=\"538\" src=\"https:\/\/mokos.hu\/wp-content\/uploads\/2022\/07\/283001609_5723049274390249_1536843009853678088_n-1024x538.jpg\" class=\"vc_single_image-img attachment-large\" alt=\"\" title=\"\u00f6rd\u00f6gkatlan_budapest_b\u00e1bsz\u00ednh\u00e1z_semmi_el\u0151ad\u00e1s\" srcset=\"https:\/\/mokos.hu\/wp-content\/uploads\/2022\/07\/283001609_5723049274390249_1536843009853678088_n-1024x538.jpg 1024w, https:\/\/mokos.hu\/wp-content\/uploads\/2022\/07\/283001609_5723049274390249_1536843009853678088_n-300x158.jpg 300w, https:\/\/mokos.hu\/wp-content\/uploads\/2022\/07\/283001609_5723049274390249_1536843009853678088_n-600x315.jpg 600w, https:\/\/mokos.hu\/wp-content\/uploads\/2022\/07\/283001609_5723049274390249_1536843009853678088_n.jpg 1200w\" sizes=\"(max-width: 1024px) 100vw, 1024px\" \/><\/div>\n\t\t<\/figure>\n\t<\/div>\n<\/div><\/div><\/div><div class=\"wpb_column vc_column_container vc_col-sm-6\"><div class=\"vc_column-inner\"><div class=\"wpb_wrapper\">\n\t<div class=\"wpb_text_column wpb_content_element\" >\n\t\t<div class=\"wpb_wrapper\">\n\t\t\t<h5>SEMMI<\/h5>\n<h4><em>Budapest b\u00e1bsz\u00ednh\u00e1z<\/em><\/h4>\n<p><strong>Id\u0151pontok:<\/strong><\/p>\n<ul>\n<li>AUGUSZTUS 3. (szerda) 14:00<\/li>\n<li>AUGUSZTUS 3. (szerda) 17:00<\/li>\n<\/ul>\n\n\t\t<\/div>\n\t<\/div>\n<\/div><\/div><\/div><\/div>\n\t<div class=\"wpb_text_column wpb_content_element\" >\n\t\t<div class=\"wpb_wrapper\">\n\t\t\t<p><strong>\u00a0<\/strong><\/p>\n<p><strong>Az el\u0151ad\u00e1s sorsz\u00e1mk\u00f6teles!<\/strong> A sorsz\u00e1mok beszerz\u00e9se az \u00d6rd\u00f6gkatlan Fesztiv\u00e1l szervez\u0151i \u00e1ltal kijel\u00f6lt helyeken \u00e9s id\u0151pontokban lehets\u00e9ges. <a href=\"https:\/\/ordogkatlan.hu\/2022\/semmi\">More details &gt;&gt;<\/a><\/p>\n\n\t\t<\/div>\n\t<\/div>\n<div class=\"vc_empty_space\"   style=\"height: 32px\"><span class=\"vc_empty_space_inner\"><\/span><\/div><div class=\"vc_row wpb_row vc_inner vc_row-fluid\"><div class=\"wpb_column vc_column_container vc_col-sm-6\"><div class=\"vc_column-inner\"><div class=\"wpb_wrapper\">\n\t<div  class=\"wpb_single_image wpb_content_element vc_align_center wpb_content_element\">\n\t\t\n\t\t<figure class=\"wpb_wrapper vc_figure\">\n\t\t\t<div class=\"vc_single_image-wrapper   vc_box_border_grey\"><img decoding=\"async\" width=\"1024\" height=\"538\" src=\"https:\/\/mokos.hu\/wp-content\/uploads\/2022\/07\/290621891_5865532340141941_1119141458250714693_n-1024x538.jpg\" class=\"vc_single_image-img attachment-large\" alt=\"\" title=\"faluturist\u00e1k_mokos_sz\u00ednh\u00e1z_\u00f6rd\u00f6gkatlan2\" srcset=\"https:\/\/mokos.hu\/wp-content\/uploads\/2022\/07\/290621891_5865532340141941_1119141458250714693_n-1024x538.jpg 1024w, https:\/\/mokos.hu\/wp-content\/uploads\/2022\/07\/290621891_5865532340141941_1119141458250714693_n-300x158.jpg 300w, https:\/\/mokos.hu\/wp-content\/uploads\/2022\/07\/290621891_5865532340141941_1119141458250714693_n-600x315.jpg 600w, https:\/\/mokos.hu\/wp-content\/uploads\/2022\/07\/290621891_5865532340141941_1119141458250714693_n.jpg 1200w\" sizes=\"(max-width: 1024px) 100vw, 1024px\" \/><\/div>\n\t\t<\/figure>\n\t<\/div>\n<\/div><\/div><\/div><div class=\"wpb_column vc_column_container vc_col-sm-6\"><div class=\"vc_column-inner\"><div class=\"wpb_wrapper\">\n\t<div class=\"wpb_text_column wpb_content_element\" >\n\t\t<div class=\"wpb_wrapper\">\n\t\t\t<h5>Faluturist\u00e1k<\/h5>\n<p><strong>Id\u0151pontok:<\/strong><\/p>\n<ul>\n<li>AUGUSZTUS 4. (cs\u00fct\u00f6rt\u00f6k) 12:30<\/li>\n<li>AUGUSZTUS 4. (cs\u00fct\u00f6rt\u00f6k) 16:00<\/li>\n<li>AUGUSZTUS 6. (szombat) 15:00<\/li>\n<li>AUGUSZTUS 6. (szombat) 17:00<\/li>\n<\/ul>\n\n\t\t<\/div>\n\t<\/div>\n<\/div><\/div><\/div><\/div>\n\t<div class=\"wpb_text_column wpb_content_element\" >\n\t\t<div class=\"wpb_wrapper\">\n\t\t\t<p><strong>\u00a0<\/strong><\/p>\n<p><strong>Az el\u0151ad\u00e1s sorsz\u00e1mk\u00f6teles!<\/strong> A sorsz\u00e1mok beszerz\u00e9se az \u00d6rd\u00f6gkatlan Fesztiv\u00e1l szervez\u0151i \u00e1ltal kijel\u00f6lt helyeken \u00e9s id\u0151pontokban lehets\u00e9ges. <a href=\"https:\/\/ordogkatlan.hu\/2022\/faluturistak\" target=\"_blank\" rel=\"noopener\"><strong>More details &gt;&gt;<\/strong><\/a><\/p>\n\n\t\t<\/div>\n\t<\/div>\n<div class=\"vc_empty_space\"   style=\"height: 32px\"><span class=\"vc_empty_space_inner\"><\/span><\/div><div class=\"vc_separator wpb_content_element vc_separator_align_center vc_sep_width_100 vc_sep_pos_align_center vc_separator_no_text wpb_content_element  wpb_content_element\" ><span class=\"vc_sep_holder vc_sep_holder_l\"><span style=\"border-color:#b0ae6a;\" class=\"vc_sep_line\"><\/span><\/span><span class=\"vc_sep_holder vc_sep_holder_r\"><span style=\"border-color:#b0ae6a;\" class=\"vc_sep_line\"><\/span><\/span>\n<\/div><div class=\"vc_row wpb_row vc_inner vc_row-fluid\"><div class=\"wpb_column vc_column_container vc_col-sm-6\"><div class=\"vc_column-inner\"><div class=\"wpb_wrapper\">\n\t<div  class=\"wpb_single_image wpb_content_element vc_align_center wpb_content_element\">\n\t\t\n\t\t<figure class=\"wpb_wrapper vc_figure\">\n\t\t\t<div class=\"vc_single_image-wrapper   vc_box_border_grey\"><img loading=\"lazy\" decoding=\"async\" width=\"1024\" height=\"683\" src=\"https:\/\/mokos.hu\/wp-content\/uploads\/2022\/07\/IMG_3281-1024x683.jpg\" class=\"vc_single_image-img attachment-large\" alt=\"\" title=\"hat\u00e1r\u00e1tl\u00e9p\u00e9sek_el\u0151ad\u00e1s_mokossz\u00ednh\u00e1z_\u00f6rd\u00f6gkatlan\" srcset=\"https:\/\/mokos.hu\/wp-content\/uploads\/2022\/07\/IMG_3281-1024x683.jpg 1024w, https:\/\/mokos.hu\/wp-content\/uploads\/2022\/07\/IMG_3281-300x200.jpg 300w, https:\/\/mokos.hu\/wp-content\/uploads\/2022\/07\/IMG_3281-600x400.jpg 600w, https:\/\/mokos.hu\/wp-content\/uploads\/2022\/07\/IMG_3281-1536x1024.jpg 1536w, https:\/\/mokos.hu\/wp-content\/uploads\/2022\/07\/IMG_3281-2048x1365.jpg 2048w\" sizes=\"(max-width: 1024px) 100vw, 1024px\" \/><\/div>\n\t\t<\/figure>\n\t<\/div>\n<\/div><\/div><\/div><div class=\"wpb_column vc_column_container vc_col-sm-6\"><div class=\"vc_column-inner\"><div class=\"wpb_wrapper\">\n\t<div class=\"wpb_text_column wpb_content_element\" >\n\t\t<div class=\"wpb_wrapper\">\n\t\t\t<h5>hat\u00e1r\u00e1tl\u00e9p\u00e9sek<\/h5>\n<h4><em>Orlai produkci\u00f3<\/em><\/h4>\n<p><strong>Id\u0151pontok:<\/strong><\/p>\n<ul>\n<li>AUGUSZTUS 4. (cs\u00fct\u00f6rt\u00f6k) 14:00<\/li>\n<li>AUGUSZTUS 4. (cs\u00fct\u00f6rt\u00f6k) 17:00<\/li>\n<\/ul>\n\n\t\t<\/div>\n\t<\/div>\n<\/div><\/div><\/div><\/div>\n\t<div class=\"wpb_text_column wpb_content_element\" >\n\t\t<div class=\"wpb_wrapper\">\n\t\t\t<p><strong>\u00a0<\/strong><\/p>\n<p><strong>Az el\u0151ad\u00e1s sorsz\u00e1mk\u00f6teles!<\/strong> A sorsz\u00e1mok beszerz\u00e9se az \u00d6rd\u00f6gkatlan Fesztiv\u00e1l szervez\u0151i \u00e1ltal kijel\u00f6lt helyeken \u00e9s id\u0151pontokban lehets\u00e9ges. <a href=\"https:\/\/ordogkatlan.hu\/2022\/hataratlepesek\" target=\"_blank\" rel=\"noopener\"><strong>More details &gt;&gt;<\/strong><\/a><\/p>\n\n\t\t<\/div>\n\t<\/div>\n<div class=\"vc_empty_space\"   style=\"height: 32px\"><span class=\"vc_empty_space_inner\"><\/span><\/div><div class=\"vc_separator wpb_content_element vc_separator_align_center vc_sep_width_100 vc_sep_pos_align_center vc_separator_no_text wpb_content_element  wpb_content_element\" ><span class=\"vc_sep_holder vc_sep_holder_l\"><span style=\"border-color:#b0ae6a;\" class=\"vc_sep_line\"><\/span><\/span><span class=\"vc_sep_holder vc_sep_holder_r\"><span style=\"border-color:#b0ae6a;\" class=\"vc_sep_line\"><\/span><\/span>\n<\/div><div class=\"vc_row wpb_row vc_inner vc_row-fluid\"><div class=\"wpb_column vc_column_container vc_col-sm-6\"><div class=\"vc_column-inner\"><div class=\"wpb_wrapper\">\n\t<div  class=\"wpb_single_image wpb_content_element vc_align_center wpb_content_element\">\n\t\t\n\t\t<figure class=\"wpb_wrapper vc_figure\">\n\t\t\t<div class=\"vc_single_image-wrapper   vc_box_border_grey\"><img loading=\"lazy\" decoding=\"async\" width=\"1024\" height=\"538\" src=\"https:\/\/mokos.hu\/wp-content\/uploads\/2022\/07\/285452912_5786187931409716_3497342204970320397_n-1024x538.jpg\" class=\"vc_single_image-img attachment-large\" alt=\"\" title=\"pokorny_lia_liaison_sz\u00ednh\u00e1z_\u00f6rd\u00f6gkatlan_program\" srcset=\"https:\/\/mokos.hu\/wp-content\/uploads\/2022\/07\/285452912_5786187931409716_3497342204970320397_n-1024x538.jpg 1024w, https:\/\/mokos.hu\/wp-content\/uploads\/2022\/07\/285452912_5786187931409716_3497342204970320397_n-300x158.jpg 300w, https:\/\/mokos.hu\/wp-content\/uploads\/2022\/07\/285452912_5786187931409716_3497342204970320397_n-600x315.jpg 600w, https:\/\/mokos.hu\/wp-content\/uploads\/2022\/07\/285452912_5786187931409716_3497342204970320397_n.jpg 1200w\" sizes=\"(max-width: 1024px) 100vw, 1024px\" \/><\/div>\n\t\t<\/figure>\n\t<\/div>\n<\/div><\/div><\/div><div class=\"wpb_column vc_column_container vc_col-sm-6\"><div class=\"vc_column-inner\"><div class=\"wpb_wrapper\">\n\t<div class=\"wpb_text_column wpb_content_element\" >\n\t\t<div class=\"wpb_wrapper\">\n\t\t\t<h5>liaison &#8211; zen\u00e9s stand up pokorny li\u00e1val<\/h5>\n<p><strong>Id\u0151pontok:<\/strong><\/p>\n<ul>\n<li>AUGUSZTUS 5. (p\u00e9ntek) 14:00<\/li>\n<li>AUGUSZTUS 5. (p\u00e9ntek) 18:30<\/li>\n<\/ul>\n\n\t\t<\/div>\n\t<\/div>\n<\/div><\/div><\/div><\/div>\n\t<div class=\"wpb_text_column wpb_content_element\" >\n\t\t<div class=\"wpb_wrapper\">\n\t\t\t<p><strong>\u00a0<\/strong><\/p>\n<p><strong>Az el\u0151ad\u00e1s sorsz\u00e1mk\u00f6teles!<\/strong> A sorsz\u00e1mok beszerz\u00e9se az \u00d6rd\u00f6gkatlan Fesztiv\u00e1l szervez\u0151i \u00e1ltal kijel\u00f6lt helyeken \u00e9s id\u0151pontokban lehets\u00e9ges. <a href=\"https:\/\/ordogkatlan.hu\/2022\/liaison-zenes-stand-up-pokorny-liaval\" target=\"_blank\" rel=\"noopener\"><strong>More details &gt;&gt;<\/strong><\/a><\/p>\n\n\t\t<\/div>\n\t<\/div>\n<div class=\"vc_empty_space\"   style=\"height: 32px\"><span class=\"vc_empty_space_inner\"><\/span><\/div><div class=\"vc_row wpb_row vc_inner vc_row-fluid\"><div class=\"wpb_column vc_column_container vc_col-sm-6\"><div class=\"vc_column-inner\"><div class=\"wpb_wrapper\">\n\t<div  class=\"wpb_single_image wpb_content_element vc_align_center wpb_content_element\">\n\t\t\n\t\t<figure class=\"wpb_wrapper vc_figure\">\n\t\t\t<div class=\"vc_single_image-wrapper   vc_box_border_grey\"><img loading=\"lazy\" decoding=\"async\" width=\"1024\" height=\"646\" src=\"https:\/\/mokos.hu\/wp-content\/uploads\/2022\/07\/533d1101-4770-4469-bad4-688329a55adb-1024x646.jpg\" class=\"vc_single_image-img attachment-large\" alt=\"\" title=\"\u00e1llatfarm_mokos_sz\u00ednh\u00e1z_el\u0151ad\u00e1s_\u00f6rd\u00f6gkatlan\" srcset=\"https:\/\/mokos.hu\/wp-content\/uploads\/2022\/07\/533d1101-4770-4469-bad4-688329a55adb-1024x646.jpg 1024w, https:\/\/mokos.hu\/wp-content\/uploads\/2022\/07\/533d1101-4770-4469-bad4-688329a55adb-300x189.jpg 300w, https:\/\/mokos.hu\/wp-content\/uploads\/2022\/07\/533d1101-4770-4469-bad4-688329a55adb-600x378.jpg 600w, https:\/\/mokos.hu\/wp-content\/uploads\/2022\/07\/533d1101-4770-4469-bad4-688329a55adb-1536x969.jpg 1536w, https:\/\/mokos.hu\/wp-content\/uploads\/2022\/07\/533d1101-4770-4469-bad4-688329a55adb.jpg 2020w\" sizes=\"(max-width: 1024px) 100vw, 1024px\" \/><\/div>\n\t\t<\/figure>\n\t<\/div>\n<\/div><\/div><\/div><div class=\"wpb_column vc_column_container vc_col-sm-6\"><div class=\"vc_column-inner\"><div class=\"wpb_wrapper\">\n\t<div class=\"wpb_text_column wpb_content_element\" >\n\t\t<div class=\"wpb_wrapper\">\n\t\t\t<h5>\u00e1llatfarm<\/h5>\n<h4><em>horv\u00e1th j\u00e1nos antal \u00e9s a t\u00e1rsulat<\/em><\/h4>\n<p><strong>Id\u0151pontok:<\/strong><\/p>\n<ul>\n<li>AUGUSZTUS 6. (szombat) 13:00<\/li>\n<\/ul>\n\n\t\t<\/div>\n\t<\/div>\n<\/div><\/div><\/div><\/div>\n\t<div class=\"wpb_text_column wpb_content_element\" >\n\t\t<div class=\"wpb_wrapper\">\n\t\t\t<p><strong>\u00a0<\/strong><\/p>\n<p><strong>Az el\u0151ad\u00e1s sorsz\u00e1mk\u00f6teles!<\/strong> A sorsz\u00e1mok beszerz\u00e9se az \u00d6rd\u00f6gkatlan Fesztiv\u00e1l szervez\u0151i \u00e1ltal kijel\u00f6lt helyeken \u00e9s id\u0151pontokban lehets\u00e9ges. <a href=\"https:\/\/ordogkatlan.hu\/2022\/allatfarm\" target=\"_blank\" rel=\"noopener\"><strong>More details &gt;&gt;<\/strong><\/a><\/p>\n\n\t\t<\/div>\n\t<\/div>\n<div class=\"vc_empty_space\"   style=\"height: 32px\"><span class=\"vc_empty_space_inner\"><\/span><\/div><div class=\"vc_row wpb_row vc_inner vc_row-fluid\"><div class=\"wpb_column vc_column_container vc_col-sm-6\"><div class=\"vc_column-inner\"><div class=\"wpb_wrapper\">\n\t<div  class=\"wpb_single_image wpb_content_element vc_align_center wpb_content_element\">\n\t\t\n\t\t<figure class=\"wpb_wrapper vc_figure\">\n\t\t\t<div class=\"vc_single_image-wrapper   vc_box_border_grey\"><img loading=\"lazy\" decoding=\"async\" width=\"1024\" height=\"538\" src=\"https:\/\/mokos.hu\/wp-content\/uploads\/2022\/07\/283321780_5729550037073506_3166664447647714487_n-1024x538.jpg\" class=\"vc_single_image-img attachment-large\" alt=\"\" title=\"\u00f6rd\u00f6gkatlan_telik_mokossz\u00ednh\u00e1z_el\u0151ad\u00e1s\" srcset=\"https:\/\/mokos.hu\/wp-content\/uploads\/2022\/07\/283321780_5729550037073506_3166664447647714487_n-1024x538.jpg 1024w, https:\/\/mokos.hu\/wp-content\/uploads\/2022\/07\/283321780_5729550037073506_3166664447647714487_n-300x158.jpg 300w, https:\/\/mokos.hu\/wp-content\/uploads\/2022\/07\/283321780_5729550037073506_3166664447647714487_n-600x315.jpg 600w, https:\/\/mokos.hu\/wp-content\/uploads\/2022\/07\/283321780_5729550037073506_3166664447647714487_n.jpg 1200w\" sizes=\"(max-width: 1024px) 100vw, 1024px\" \/><\/div>\n\t\t<\/figure>\n\t<\/div>\n<\/div><\/div><\/div><div class=\"wpb_column vc_column_container vc_col-sm-6\"><div class=\"vc_column-inner\"><div class=\"wpb_wrapper\">\n\t<div class=\"wpb_text_column wpb_content_element\" >\n\t\t<div class=\"wpb_wrapper\">\n\t\t\t<h5>telik &#8211; egy \u00f3ra az \u00e9letedb\u0151l<\/h5>\n<p><strong>Id\u0151pontok:<\/strong><\/p>\n<ul>\n<li>AUGUSZTUS 6. (szombat) 19:00<\/li>\n<\/ul>\n\n\t\t<\/div>\n\t<\/div>\n<\/div><\/div><\/div><\/div>\n\t<div class=\"wpb_text_column wpb_content_element\" >\n\t\t<div class=\"wpb_wrapper\">\n\t\t\t<p><strong>\u00a0<\/strong><\/p>\n<p><strong>Az el\u0151ad\u00e1s sorsz\u00e1mk\u00f6teles!<\/strong> A sorsz\u00e1mok beszerz\u00e9se az \u00d6rd\u00f6gkatlan Fesztiv\u00e1l szervez\u0151i \u00e1ltal kijel\u00f6lt helyeken \u00e9s id\u0151pontokban lehets\u00e9ges. <a href=\"https:\/\/ordogkatlan.hu\/2022\/telik-egy-ora-az-eletedbol\" target=\"_blank\" rel=\"noopener\"><strong>More details &gt;&gt;<\/strong><\/a><\/p>\n\n\t\t<\/div>\n\t<\/div>\n<div class=\"vc_empty_space\"   style=\"height: 32px\"><span class=\"vc_empty_space_inner\"><\/span><\/div><div class=\"vc_separator wpb_content_element vc_separator_align_center vc_sep_width_100 vc_sep_pos_align_center vc_separator_no_text wpb_content_element  wpb_content_element\" ><span class=\"vc_sep_holder vc_sep_holder_l\"><span style=\"border-color:#b0ae6a;\" class=\"vc_sep_line\"><\/span><\/span><span class=\"vc_sep_holder vc_sep_holder_r\"><span style=\"border-color:#b0ae6a;\" class=\"vc_sep_line\"><\/span><\/span>\n<\/div>\n\t<div class=\"wpb_text_column wpb_content_element\" >\n\t\t<div class=\"wpb_wrapper\">\n\t\t\t<h3>Tov\u00e1bbi programok a mokos pinc\u00e9szetben:<\/h3>\n\n\t\t<\/div>\n\t<\/div>\n<div class=\"vc_row wpb_row vc_inner vc_row-fluid vc_custom_1657186204924 vc_row-has-fill\"><div class=\"wpb_column vc_column_container vc_col-sm-6\"><div class=\"vc_column-inner\"><div class=\"wpb_wrapper\"><div class=\"vc_empty_space\"   style=\"height: 20px\"><span class=\"vc_empty_space_inner\"><\/span><\/div>\n\t<div  class=\"wpb_single_image wpb_content_element vc_align_left wpb_content_element\">\n\t\t\n\t\t<figure class=\"wpb_wrapper vc_figure\">\n\t\t\t<div class=\"vc_single_image-wrapper   vc_box_border_grey\"><img loading=\"lazy\" decoding=\"async\" width=\"1024\" height=\"768\" src=\"https:\/\/mokos.hu\/wp-content\/uploads\/2020\/01\/EM100289-1024x768.jpg\" class=\"vc_single_image-img attachment-large\" alt=\"Mokos_Pinceszet_palkonya_villanyi_borvidesek_Mokos_Peter\" title=\"Mokos_Pinceszet_palkonya_villanyi_borvidesek_Mokos_Peter\" srcset=\"https:\/\/mokos.hu\/wp-content\/uploads\/2020\/01\/EM100289-1024x768.jpg 1024w, https:\/\/mokos.hu\/wp-content\/uploads\/2020\/01\/EM100289-300x225.jpg 300w, https:\/\/mokos.hu\/wp-content\/uploads\/2020\/01\/EM100289-600x450.jpg 600w, https:\/\/mokos.hu\/wp-content\/uploads\/2020\/01\/EM100289-e1600686661766.jpg 1200w\" sizes=\"(max-width: 1024px) 100vw, 1024px\" \/><\/div>\n\t\t<\/figure>\n\t<\/div>\n<\/div><\/div><\/div><div class=\"wpb_column vc_column_container vc_col-sm-6\"><div class=\"vc_column-inner\"><div class=\"wpb_wrapper\">\n\t<div class=\"wpb_text_column wpb_content_element\" >\n\t\t<div class=\"wpb_wrapper\">\n\t\t\t<h3><span style=\"color: #000000;\">Pincemesteri mes\u00e9k <\/span><\/h3>\n<p><strong>Pincet\u00fara, bork\u00f3stol\u00e1s \u00e9s kalandos t\u00f6rt\u00e9netek.<\/strong> A Pincemesteri Mes\u00e9k egy vezetett pincel\u00e1togat\u00e1s a k\u00f6zel 4000m2-es bor\u00e1szatunkban, melyet 3 t\u00e9teles bork\u00f3stol\u00f3val eg\u00e9sz\u00edtett\u00fcnk ki az izgalmas t\u00f6rt\u00e9neteink mellett. <span style=\"font-size: 1.5rem;\">Csoport indul\u00e1sok a Mokos Pinc\u00e9szet Bork\u00f3stol\u00f3 Term\u00e9b\u0151l.<\/span><\/p>\n<p><strong>Id\u0151pontok:<\/strong><\/p>\n<ul>\n<li>Augusztus 3. <strong>szerda: 10:30<\/strong><\/li>\n<li>Augusztus 4. <strong>cs\u00fct\u00f6rt\u00f6k: 10:30<\/strong><\/li>\n<li>Augusztus 5. <strong>p\u00e9ntek: 10:30<\/strong><\/li>\n<li>Augusztus 6. <strong>szombat: 10:30<\/strong><\/li>\n<\/ul>\n\n\t\t<\/div>\n\t<\/div>\n<\/div><\/div><\/div><\/div><div class=\"vc_row wpb_row vc_inner vc_row-fluid vc_custom_1657186372327 vc_row-has-fill\"><div class=\"wpb_column vc_column_container vc_col-sm-12\"><div class=\"vc_column-inner\"><div class=\"wpb_wrapper\">\n\t<div class=\"wpb_text_column wpb_content_element\" >\n\t\t<div class=\"wpb_wrapper\">\n\t\t\t<p><b>A program helysz\u00edni regisztr\u00e1ci\u00f3hoz \u00e9s r\u00e9szv\u00e9teli d\u00edjhoz k\u00f6t\u00f6tt. Regisztr\u00e1ci\u00f3s d\u00edj: 3.000Ft\/f\u0151. <\/b>Regisztr\u00e1ci\u00f3 \u00e9s tov\u00e1bbi inform\u00e1ci\u00f3k: szervez\u00e9s@mokos.hu | +36705098779<\/p>\n\n\t\t<\/div>\n\t<\/div>\n<\/div><\/div><\/div><\/div><div class=\"vc_empty_space\"   style=\"height: 32px\"><span class=\"vc_empty_space_inner\"><\/span><\/div><div class=\"vc_row wpb_row vc_inner vc_row-fluid\"><div class=\"wpb_column vc_column_container vc_col-sm-6\"><div class=\"vc_column-inner\"><div class=\"wpb_wrapper\">\n\t<div  class=\"wpb_single_image wpb_content_element vc_align_center wpb_content_element\">\n\t\t\n\t\t<figure class=\"wpb_wrapper vc_figure\">\n\t\t\t<div class=\"vc_single_image-wrapper   vc_box_border_grey\"><img loading=\"lazy\" decoding=\"async\" width=\"1024\" height=\"576\" src=\"https:\/\/mokos.hu\/wp-content\/uploads\/2021\/03\/MOKOS_Froccstura_FB_Hirdetes_fekvo_2-1024x576.jpg\" class=\"vc_single_image-img attachment-large\" alt=\"\" title=\"MOKOS_Froccstura_FB_Hirdetes_fekvo_2\" srcset=\"https:\/\/mokos.hu\/wp-content\/uploads\/2021\/03\/MOKOS_Froccstura_FB_Hirdetes_fekvo_2-1024x576.jpg 1024w, https:\/\/mokos.hu\/wp-content\/uploads\/2021\/03\/MOKOS_Froccstura_FB_Hirdetes_fekvo_2-300x169.jpg 300w, https:\/\/mokos.hu\/wp-content\/uploads\/2021\/03\/MOKOS_Froccstura_FB_Hirdetes_fekvo_2-600x338.jpg 600w, https:\/\/mokos.hu\/wp-content\/uploads\/2021\/03\/MOKOS_Froccstura_FB_Hirdetes_fekvo_2-1536x864.jpg 1536w, https:\/\/mokos.hu\/wp-content\/uploads\/2021\/03\/MOKOS_Froccstura_FB_Hirdetes_fekvo_2.jpg 1920w\" sizes=\"(max-width: 1024px) 100vw, 1024px\" \/><\/div>\n\t\t<\/figure>\n\t<\/div>\n<\/div><\/div><\/div><div class=\"wpb_column vc_column_container vc_col-sm-6\"><div class=\"vc_column-inner\"><div class=\"wpb_wrapper\">\n\t<div class=\"wpb_text_column wpb_content_element\" >\n\t\t<div class=\"wpb_wrapper\">\n\t\t\t<h3><span style=\"color: #000000;\">mokos fr\u00f6ccst\u00fara<\/span><\/h3>\n<p><strong>Tartsatok vel\u00fcnk \u00faj csapat\u00e9p\u00edt\u0151 j\u00e1t\u00e9kunkban, legyetek r\u00e9szesei egy felejthetetlen #mokos\u00e9lm\u00e9nynek \u00e9s k\u00f6zben fedezz\u00e9tek fel Palkonya rejtett kincseit! <\/strong>Pinc\u00e9szet\u00fcnk agytekerv\u00e9nyeket megmozgat\u00f3 kalandos fr\u00f6ccst\u00far\u00e1val v\u00e1r Titeket.<\/p>\n<p>A j\u00e1t\u00e9k megkezd\u00e9s\u00e9re, azaz a t\u00faracsomagok \u00e1tv\u00e9tel\u00e9re Pinc\u00e9szet\u00fcnk nyitvatart\u00e1si idej\u00e9ben van lehet\u0151s\u00e9g<span style=\"color: #000000;\">. <span style=\"color: #b0ae6a;\"><a style=\"color: #b0ae6a;\" href=\"https:\/\/mokos.hu\/en\/froccstura\/\" target=\"_blank\" rel=\"noopener\"><strong>More details&gt;&gt;<\/strong><\/a><\/span><\/span><\/p>\n\n\t\t<\/div>\n\t<\/div>\n<\/div><\/div><\/div><\/div><div class=\"vc_empty_space\"   style=\"height: 32px\"><span class=\"vc_empty_space_inner\"><\/span><\/div><div class=\"vc_row wpb_row vc_inner vc_row-fluid\"><div class=\"wpb_column vc_column_container vc_col-sm-6\"><div class=\"vc_column-inner\"><div class=\"wpb_wrapper\">\n\t<div  class=\"wpb_single_image wpb_content_element vc_align_left wpb_content_element\">\n\t\t\n\t\t<figure class=\"wpb_wrapper vc_figure\">\n\t\t\t<div class=\"vc_single_image-wrapper   vc_box_border_grey\"><img loading=\"lazy\" decoding=\"async\" width=\"1024\" height=\"678\" src=\"https:\/\/mokos.hu\/wp-content\/uploads\/2020\/01\/mokos_ordogkatlan_etelajanlat-1024x678.jpg\" class=\"vc_single_image-img attachment-large\" alt=\"mokos_ordogkatlan_etelajanlat\" title=\"\" srcset=\"https:\/\/mokos.hu\/wp-content\/uploads\/2020\/01\/mokos_ordogkatlan_etelajanlat-1024x678.jpg 1024w, https:\/\/mokos.hu\/wp-content\/uploads\/2020\/01\/mokos_ordogkatlan_etelajanlat-300x199.jpg 300w, https:\/\/mokos.hu\/wp-content\/uploads\/2020\/01\/mokos_ordogkatlan_etelajanlat-600x397.jpg 600w, https:\/\/mokos.hu\/wp-content\/uploads\/2020\/01\/mokos_ordogkatlan_etelajanlat-e1591963918310.jpg 800w\" sizes=\"(max-width: 1024px) 100vw, 1024px\" \/><\/div>\n\t\t<\/figure>\n\t<\/div>\n<\/div><\/div><\/div><div class=\"wpb_column vc_column_container vc_col-sm-6\"><div class=\"vc_column-inner\"><div class=\"wpb_wrapper\">\n\t<div class=\"wpb_text_column wpb_content_element\" >\n\t\t<div class=\"wpb_wrapper\">\n\t\t\t<h3><span style=\"color: #000000;\">Katlan men\u00fc<\/span><\/h3>\n<p><strong>\u00cdnycsikland\u00f3 \u00e9telaj\u00e1nlatok minden nap!\u00a0<\/strong><span style=\"font-size: 1.5rem;\">T\u00f6lt\u0151dj fel vel\u00fcnk k\u00e9t program k\u00f6z\u00f6tt egy h\u0171s\u00edt\u0151 gy\u00fcm\u00f6lcslevessel vagy k\u00f3stolj bele a katlan igazi forr\u00f3s\u00e1g\u00e1ba egy \u00d6rd\u00f6gszelettel!<\/span><\/p>\n<p>Keresd Katlan Men\u00fcinket a fesztiv\u00e1l ideje alatt minden nap a Mokos Pinc\u00e9szetben 10:00-20:00 k\u00f6z\u00f6tt! R\u00e9szletes heti men\u00fcaj\u00e1nlatunkat <a href=\"https:\/\/mokos.hu\/wp-content\/uploads\/2022\/07\/etelajanlat_heti2022-scaled.jpg\"><em><strong>HERE<\/strong><\/em><\/a> tal\u00e1lod.<\/p>\n\n\t\t<\/div>\n\t<\/div>\n<\/div><\/div><\/div><\/div><div class=\"vc_empty_space\"   style=\"height: 32px\"><span class=\"vc_empty_space_inner\"><\/span><\/div><\/div><\/div><\/div><\/div>\n<\/div>","protected":false},"excerpt":{"rendered":"\u00d6rd\u00f6gkatlan Fesztiv\u00e1l a Mokos Sz\u00ednh\u00e1zban 2022.08.02-08.06. Id\u00e9n jubileumot \u00fcnnepl\u00fcnk, hiszen 15. alkalommal ker\u00fcl megrendez\u00e9sre a Vill\u00e1nyi Borvid\u00e9ken egyre nagyobb n\u00e9pszer\u0171s\u00e9gnek \u00f6rvend\u0151 \u00d6rd\u00f6gkatlan Fesztiv\u00e1l! Augusztus 2-6. k\u00f6z\u00f6tt t\u00f6bb helysz\u00ednen, soksz\u00edn\u0171 m\u0171v\u00e9szeti&hellip;","protected":false},"author":412,"featured_media":14606,"parent":0,"menu_order":0,"comment_status":"closed","ping_status":"closed","template":"","meta":{"_acf_changed":false,"footnotes":""},"class_list":["post-14569","page","type-page","status-publish","has-post-thumbnail","hentry"],"acf":[],"yoast_head":"<!-- This site is optimized with the Yoast SEO plugin v27.5 - https:\/\/yoast.com\/product\/yoast-seo-wordpress\/ -->\n<title>\u00d6rd\u00f6gkatlan Fesztiv\u00e1l | MOKOS Sz\u00ednh\u00e1z | Programok | Vill\u00e1nyi Borvid\u00e9k<\/title>\n<meta name=\"description\" content=\"Id\u00e9n 14. alkalommal ker\u00fcl megrendez\u00e9sre az \u00d6rd\u00f6gkatlan Fesztiv\u00e1l! Augusztus 3-7. k\u00f6z\u00f6tt sz\u00ednh\u00e1zi programokkal v\u00e1r R\u00e1d a Mokos Sz\u00ednh\u00e1z is!\" \/>\n<meta name=\"robots\" content=\"index, follow, max-snippet:-1, max-image-preview:large, max-video-preview:-1\" \/>\n<link rel=\"canonical\" href=\"https:\/\/mokos.hu\/en\/ordogkatlan-fesztival-2022\/\" \/>\n<meta property=\"og:locale\" content=\"en_US\" \/>\n<meta property=\"og:type\" content=\"article\" \/>\n<meta property=\"og:title\" content=\"14. \u00d6rd\u00f6gkatlan Fesztiv\u00e1l - Mokos Sz\u00ednh\u00e1z\" \/>\n<meta property=\"og:description\" content=\"Id\u00e9n 14. alkalommal ker\u00fcl megrendez\u00e9sre az \u00d6rd\u00f6gkatlan Fesztiv\u00e1l! Augusztus 3-7. k\u00f6z\u00f6tt sz\u00ednh\u00e1zi programokkal v\u00e1r R\u00e1d a Mokos Sz\u00ednh\u00e1z is!\" \/>\n<meta property=\"og:url\" content=\"https:\/\/mokos.hu\/en\/ordogkatlan-fesztival-2022\/\" \/>\n<meta property=\"og:site_name\" content=\"MOKOS\" \/>\n<meta property=\"article:modified_time\" content=\"2025-01-21T12:25:13+00:00\" \/>\n<meta property=\"og:image\" content=\"https:\/\/mokos.hu\/wp-content\/uploads\/2021\/07\/2021.jpg\" \/>\n\t<meta property=\"og:image:width\" content=\"820\" \/>\n\t<meta property=\"og:image:height\" content=\"360\" \/>\n\t<meta property=\"og:image:type\" content=\"image\/jpeg\" \/>\n<meta name=\"twitter:card\" content=\"summary_large_image\" \/>\n<meta name=\"twitter:label1\" content=\"Est. reading time\" \/>\n\t<meta name=\"twitter:data1\" content=\"6 minutes\" \/>\n<script type=\"application\/ld+json\" class=\"yoast-schema-graph\">{\"@context\":\"https:\\\/\\\/schema.org\",\"@graph\":[{\"@type\":\"WebPage\",\"@id\":\"https:\\\/\\\/mokos.hu\\\/ordogkatlan-fesztival-2022\\\/\",\"url\":\"https:\\\/\\\/mokos.hu\\\/ordogkatlan-fesztival-2022\\\/\",\"name\":\"\u00d6rd\u00f6gkatlan Fesztiv\u00e1l | MOKOS Sz\u00ednh\u00e1z | Programok | Vill\u00e1nyi Borvid\u00e9k\",\"isPartOf\":{\"@id\":\"https:\\\/\\\/mokos.hu\\\/#website\"},\"primaryImageOfPage\":{\"@id\":\"https:\\\/\\\/mokos.hu\\\/ordogkatlan-fesztival-2022\\\/#primaryimage\"},\"image\":{\"@id\":\"https:\\\/\\\/mokos.hu\\\/ordogkatlan-fesztival-2022\\\/#primaryimage\"},\"thumbnailUrl\":\"https:\\\/\\\/mokos.hu\\\/wp-content\\\/uploads\\\/2022\\\/07\\\/borito.jpg\",\"datePublished\":\"2022-07-25T13:54:17+00:00\",\"dateModified\":\"2025-01-21T12:25:13+00:00\",\"description\":\"Id\u00e9n 14. alkalommal ker\u00fcl megrendez\u00e9sre az \u00d6rd\u00f6gkatlan Fesztiv\u00e1l! Augusztus 3-7. k\u00f6z\u00f6tt sz\u00ednh\u00e1zi programokkal v\u00e1r R\u00e1d a Mokos Sz\u00ednh\u00e1z is!\",\"breadcrumb\":{\"@id\":\"https:\\\/\\\/mokos.hu\\\/ordogkatlan-fesztival-2022\\\/#breadcrumb\"},\"inLanguage\":\"en-US\",\"potentialAction\":[{\"@type\":\"ReadAction\",\"target\":[\"https:\\\/\\\/mokos.hu\\\/ordogkatlan-fesztival-2022\\\/\"]}]},{\"@type\":\"ImageObject\",\"inLanguage\":\"en-US\",\"@id\":\"https:\\\/\\\/mokos.hu\\\/ordogkatlan-fesztival-2022\\\/#primaryimage\",\"url\":\"https:\\\/\\\/mokos.hu\\\/wp-content\\\/uploads\\\/2022\\\/07\\\/borito.jpg\",\"contentUrl\":\"https:\\\/\\\/mokos.hu\\\/wp-content\\\/uploads\\\/2022\\\/07\\\/borito.jpg\",\"width\":2050,\"height\":780},{\"@type\":\"BreadcrumbList\",\"@id\":\"https:\\\/\\\/mokos.hu\\\/ordogkatlan-fesztival-2022\\\/#breadcrumb\",\"itemListElement\":[{\"@type\":\"ListItem\",\"position\":1,\"name\":\"Home\",\"item\":\"https:\\\/\\\/mokos.hu\\\/\"},{\"@type\":\"ListItem\",\"position\":2,\"name\":\"\u00d6rd\u00f6gkatlan Fesztiv\u00e1l 2022\"}]},{\"@type\":\"WebSite\",\"@id\":\"https:\\\/\\\/mokos.hu\\\/#website\",\"url\":\"https:\\\/\\\/mokos.hu\\\/\",\"name\":\"MOKOS\",\"description\":\"Csal\u00e1di Pinc\u00e9szet, Palkonya\",\"publisher\":{\"@id\":\"https:\\\/\\\/mokos.hu\\\/#organization\"},\"potentialAction\":[{\"@type\":\"SearchAction\",\"target\":{\"@type\":\"EntryPoint\",\"urlTemplate\":\"https:\\\/\\\/mokos.hu\\\/?s={search_term_string}\"},\"query-input\":{\"@type\":\"PropertyValueSpecification\",\"valueRequired\":true,\"valueName\":\"search_term_string\"}}],\"inLanguage\":\"en-US\"},{\"@type\":\"Organization\",\"@id\":\"https:\\\/\\\/mokos.hu\\\/#organization\",\"name\":\"MOKOS\",\"url\":\"https:\\\/\\\/mokos.hu\\\/\",\"logo\":{\"@type\":\"ImageObject\",\"inLanguage\":\"en-US\",\"@id\":\"https:\\\/\\\/mokos.hu\\\/#\\\/schema\\\/logo\\\/image\\\/\",\"url\":\"https:\\\/\\\/mokos.hu\\\/wp-content\\\/uploads\\\/2018\\\/11\\\/cropped-Mokos_Villanyi-Borvidek-Palkonya-1.png\",\"contentUrl\":\"https:\\\/\\\/mokos.hu\\\/wp-content\\\/uploads\\\/2018\\\/11\\\/cropped-Mokos_Villanyi-Borvidek-Palkonya-1.png\",\"width\":1000,\"height\":245,\"caption\":\"MOKOS\"},\"image\":{\"@id\":\"https:\\\/\\\/mokos.hu\\\/#\\\/schema\\\/logo\\\/image\\\/\"}}]}<\/script>\n<!-- \/ Yoast SEO plugin. -->","yoast_head_json":{"title":"\u00d6rd\u00f6gkatlan Fesztiv\u00e1l | MOKOS Sz\u00ednh\u00e1z | Programok | Vill\u00e1nyi Borvid\u00e9k","description":"Id\u00e9n 14. alkalommal ker\u00fcl megrendez\u00e9sre az \u00d6rd\u00f6gkatlan Fesztiv\u00e1l! Augusztus 3-7. k\u00f6z\u00f6tt sz\u00ednh\u00e1zi programokkal v\u00e1r R\u00e1d a Mokos Sz\u00ednh\u00e1z is!","robots":{"index":"index","follow":"follow","max-snippet":"max-snippet:-1","max-image-preview":"max-image-preview:large","max-video-preview":"max-video-preview:-1"},"canonical":"https:\/\/mokos.hu\/en\/ordogkatlan-fesztival-2022\/","og_locale":"en_US","og_type":"article","og_title":"14. \u00d6rd\u00f6gkatlan Fesztiv\u00e1l - Mokos Sz\u00ednh\u00e1z","og_description":"Id\u00e9n 14. alkalommal ker\u00fcl megrendez\u00e9sre az \u00d6rd\u00f6gkatlan Fesztiv\u00e1l! Augusztus 3-7. k\u00f6z\u00f6tt sz\u00ednh\u00e1zi programokkal v\u00e1r R\u00e1d a Mokos Sz\u00ednh\u00e1z is!","og_url":"https:\/\/mokos.hu\/en\/ordogkatlan-fesztival-2022\/","og_site_name":"MOKOS","article_modified_time":"2025-01-21T12:25:13+00:00","og_image":[{"width":820,"height":360,"url":"https:\/\/mokos.hu\/wp-content\/uploads\/2021\/07\/2021.jpg","type":"image\/jpeg"}],"twitter_card":"summary_large_image","twitter_misc":{"Est. reading time":"6 minutes"},"schema":{"@context":"https:\/\/schema.org","@graph":[{"@type":"WebPage","@id":"https:\/\/mokos.hu\/ordogkatlan-fesztival-2022\/","url":"https:\/\/mokos.hu\/ordogkatlan-fesztival-2022\/","name":"\u00d6rd\u00f6gkatlan Fesztiv\u00e1l | MOKOS Sz\u00ednh\u00e1z | Programok | Vill\u00e1nyi Borvid\u00e9k","isPartOf":{"@id":"https:\/\/mokos.hu\/#website"},"primaryImageOfPage":{"@id":"https:\/\/mokos.hu\/ordogkatlan-fesztival-2022\/#primaryimage"},"image":{"@id":"https:\/\/mokos.hu\/ordogkatlan-fesztival-2022\/#primaryimage"},"thumbnailUrl":"https:\/\/mokos.hu\/wp-content\/uploads\/2022\/07\/borito.jpg","datePublished":"2022-07-25T13:54:17+00:00","dateModified":"2025-01-21T12:25:13+00:00","description":"Id\u00e9n 14. alkalommal ker\u00fcl megrendez\u00e9sre az \u00d6rd\u00f6gkatlan Fesztiv\u00e1l! Augusztus 3-7. k\u00f6z\u00f6tt sz\u00ednh\u00e1zi programokkal v\u00e1r R\u00e1d a Mokos Sz\u00ednh\u00e1z is!","breadcrumb":{"@id":"https:\/\/mokos.hu\/ordogkatlan-fesztival-2022\/#breadcrumb"},"inLanguage":"en-US","potentialAction":[{"@type":"ReadAction","target":["https:\/\/mokos.hu\/ordogkatlan-fesztival-2022\/"]}]},{"@type":"ImageObject","inLanguage":"en-US","@id":"https:\/\/mokos.hu\/ordogkatlan-fesztival-2022\/#primaryimage","url":"https:\/\/mokos.hu\/wp-content\/uploads\/2022\/07\/borito.jpg","contentUrl":"https:\/\/mokos.hu\/wp-content\/uploads\/2022\/07\/borito.jpg","width":2050,"height":780},{"@type":"BreadcrumbList","@id":"https:\/\/mokos.hu\/ordogkatlan-fesztival-2022\/#breadcrumb","itemListElement":[{"@type":"ListItem","position":1,"name":"Home","item":"https:\/\/mokos.hu\/"},{"@type":"ListItem","position":2,"name":"\u00d6rd\u00f6gkatlan Fesztiv\u00e1l 2022"}]},{"@type":"WebSite","@id":"https:\/\/mokos.hu\/#website","url":"https:\/\/mokos.hu\/","name":"MOKOS","description":"Family Winery, Palkonya","publisher":{"@id":"https:\/\/mokos.hu\/#organization"},"potentialAction":[{"@type":"SearchAction","target":{"@type":"EntryPoint","urlTemplate":"https:\/\/mokos.hu\/?s={search_term_string}"},"query-input":{"@type":"PropertyValueSpecification","valueRequired":true,"valueName":"search_term_string"}}],"inLanguage":"en-US"},{"@type":"Organization","@id":"https:\/\/mokos.hu\/#organization","name":"MOKOS","url":"https:\/\/mokos.hu\/","logo":{"@type":"ImageObject","inLanguage":"en-US","@id":"https:\/\/mokos.hu\/#\/schema\/logo\/image\/","url":"https:\/\/mokos.hu\/wp-content\/uploads\/2018\/11\/cropped-Mokos_Villanyi-Borvidek-Palkonya-1.png","contentUrl":"https:\/\/mokos.hu\/wp-content\/uploads\/2018\/11\/cropped-Mokos_Villanyi-Borvidek-Palkonya-1.png","width":1000,"height":245,"caption":"MOKOS"},"image":{"@id":"https:\/\/mokos.hu\/#\/schema\/logo\/image\/"}}]}},"_links":{"self":[{"href":"https:\/\/mokos.hu\/en\/wp-json\/wp\/v2\/pages\/14569","targetHints":{"allow":["GET"]}}],"collection":[{"href":"https:\/\/mokos.hu\/en\/wp-json\/wp\/v2\/pages"}],"about":[{"href":"https:\/\/mokos.hu\/en\/wp-json\/wp\/v2\/types\/page"}],"author":[{"embeddable":true,"href":"https:\/\/mokos.hu\/en\/wp-json\/wp\/v2\/users\/412"}],"replies":[{"embeddable":true,"href":"https:\/\/mokos.hu\/en\/wp-json\/wp\/v2\/comments?post=14569"}],"version-history":[{"count":0,"href":"https:\/\/mokos.hu\/en\/wp-json\/wp\/v2\/pages\/14569\/revisions"}],"wp:featuredmedia":[{"embeddable":true,"href":"https:\/\/mokos.hu\/en\/wp-json\/wp\/v2\/media\/14606"}],"wp:attachment":[{"href":"https:\/\/mokos.hu\/en\/wp-json\/wp\/v2\/media?parent=14569"}],"curies":[{"name":"wp","href":"https:\/\/api.w.org\/{rel}","templated":true}]}}