{"id":10032,"date":"2020-07-09T10:49:29","date_gmt":"2020-07-09T08:49:29","guid":{"rendered":"https:\/\/mokos.hu\/?page_id=10032\/"},"modified":"2025-01-21T14:25:12","modified_gmt":"2025-01-21T12:25:12","slug":"mokos-gastslow-weekend-lassulj-velunk-palkonyan","status":"publish","type":"page","link":"https:\/\/mokos.hu\/en\/mokos-gastslow-weekend-lassulj-velunk-palkonyan\/","title":{"rendered":"Mokos Gast(slow) Weekend &#8211; Lassulj vel\u00fcnk Palkony\u00e1n!"},"content":{"rendered":"<div class=\"wpb-content-wrapper\"><div class=\"vc_row wpb_row vc_row-fluid\"><div class=\"wpb_column vc_column_container vc_col-sm-12\"><div class=\"vc_column-inner\"><div class=\"wpb_wrapper\">\n\t<div  class=\"wpb_single_image wpb_content_element vc_align_center wpb_content_element\">\n\t\t\n\t\t<figure class=\"wpb_wrapper vc_figure\">\n\t\t\t<div class=\"vc_single_image-wrapper   vc_box_border_grey\"><img fetchpriority=\"high\" decoding=\"async\" width=\"1024\" height=\"581\" src=\"https:\/\/mokos.hu\/wp-content\/uploads\/2020\/07\/Mokos_GastSLOW_Weekend_banner-1024x581.jpg\" class=\"vc_single_image-img attachment-large\" alt=\"Mokos_GastSLOW_Weekend_banner\" title=\"Mokos_GastSLOW_Weekend_banner\" srcset=\"https:\/\/mokos.hu\/wp-content\/uploads\/2020\/07\/Mokos_GastSLOW_Weekend_banner-1024x581.jpg 1024w, https:\/\/mokos.hu\/wp-content\/uploads\/2020\/07\/Mokos_GastSLOW_Weekend_banner-300x170.jpg 300w, https:\/\/mokos.hu\/wp-content\/uploads\/2020\/07\/Mokos_GastSLOW_Weekend_banner-600x340.jpg 600w, https:\/\/mokos.hu\/wp-content\/uploads\/2020\/07\/Mokos_GastSLOW_Weekend_banner-1536x871.jpg 1536w, https:\/\/mokos.hu\/wp-content\/uploads\/2020\/07\/Mokos_GastSLOW_Weekend_banner-e1600678458519.jpg 1200w\" sizes=\"(max-width: 1024px) 100vw, 1024px\" \/><\/div>\n\t\t<\/figure>\n\t<\/div>\n\n\t<div class=\"wpb_text_column wpb_content_element\" >\n\t\t<div class=\"wpb_wrapper\">\n\t\t\t<h3>MOKOS gast(SLOW) Weekend<\/h3>\n<h5><span style=\"color: #ffcc00;\">Lassulj Vel\u00fcnk Palkony\u00e1n!<\/span><\/h5>\n<h4>2020.07.18-19. szombat \u00e9s vas\u00e1rnap<\/h4>\n<p><strong>Sokszor feltetted m\u00e1r magadnak a k\u00e9rd\u00e9st, hogy mikor lenne id\u0151d lass\u00edtani? Mi megtal\u00e1ltuk sz\u00e1modra a megfelel\u0151 alkalmat: Lassulj be, kapcsolj ki \u00e9s t\u00f6lt\u0151dj fel \u00e9lm\u00e9nyekkel a Mokos Panor\u00e1ma Borteraszon! <\/strong>J\u00falius k\u00f6zep\u00e9n Palkonya Gasztrofalu igaz\u00e1n belassul, hiszen j\u00falius 18-19-\u00e9n izgalmas slow living k\u00f6z\u00f6ns\u00e9gtal\u00e1lkoz\u00f3n vehetsz r\u00e9szt szeretett falunkban. Ism\u00e9t kit\u0171n\u0151 borokban, finom falatokban \u00e9s izgalmas m\u0171v\u00e9szeti \u00e9lm\u00e9nyekben lehet r\u00e9sze a Palkony\u00e1ra l\u00e1togat\u00f3 k\u00f6z\u00f6ns\u00e9gnek.<\/p>\n<p>\u00c9lvezd a Vill\u00e1nyi borvid\u00e9k \u00edzeit, illatait \u00e9s hagyj id\u0151t a kibontakoz\u00e1sukra: add \u00e1t magad a Panor\u00e1ma Borteraszunkon a Mokos Gast(slow) Weekend gasztro\u00e9lm\u00e9nyeinek, ugyanis mindk\u00e9t napon \u00e9telk\u00fcl\u00f6nlegess\u00e9gekkel v\u00e1runk, melyek mell\u00e9 vill\u00e1nyi borokat \u00e9s palkonyai gy\u00fcm\u00f6lcsbor k\u00fcl\u00f6nlegess\u00e9geket k\u00edn\u00e1lunk a komplex \u00edz\u00e9lm\u00e9nyek el\u00e9r\u00e9s\u00e9nek \u00e9rdek\u00e9ben.<\/p>\n\n\t\t<\/div>\n\t<\/div>\n\n\t<div  class=\"wpb_single_image wpb_content_element vc_align_center wpb_content_element\">\n\t\t\n\t\t<figure class=\"wpb_wrapper vc_figure\">\n\t\t\t<div class=\"vc_single_image-wrapper   vc_box_border_grey\"><img decoding=\"async\" width=\"1024\" height=\"132\" src=\"https:\/\/mokos.hu\/wp-content\/uploads\/2020\/07\/Mokos_GastSLOW_Weekend_banner-vekony-etel1-1024x132.jpg\" class=\"vc_single_image-img attachment-large\" alt=\"\" title=\"Mokos_GastSLOW_Weekend_banner-vekony-etel1\" srcset=\"https:\/\/mokos.hu\/wp-content\/uploads\/2020\/07\/Mokos_GastSLOW_Weekend_banner-vekony-etel1-1024x132.jpg 1024w, https:\/\/mokos.hu\/wp-content\/uploads\/2020\/07\/Mokos_GastSLOW_Weekend_banner-vekony-etel1-300x39.jpg 300w, https:\/\/mokos.hu\/wp-content\/uploads\/2020\/07\/Mokos_GastSLOW_Weekend_banner-vekony-etel1-600x77.jpg 600w, https:\/\/mokos.hu\/wp-content\/uploads\/2020\/07\/Mokos_GastSLOW_Weekend_banner-vekony-etel1-1536x197.jpg 1536w, https:\/\/mokos.hu\/wp-content\/uploads\/2020\/07\/Mokos_GastSLOW_Weekend_banner-vekony-etel1.jpg 1673w\" sizes=\"(max-width: 1024px) 100vw, 1024px\" \/><\/div>\n\t\t<\/figure>\n\t<\/div>\n\n\t<div class=\"wpb_text_column wpb_content_element\" >\n\t\t<div class=\"wpb_wrapper\">\n\t\t\t<h4>\u00c9telaj\u00e1nlatok a Mokos Gast(slow) Weekend ideje alatt<\/h4>\n<p>Fedezd fel az \u00edzek, illatok egym\u00e1sra hangolt, pomp\u00e1s t\u00e1rs\u00edt\u00e1sait Chef\u00fcnk aj\u00e1nl\u00e1s\u00e1val:<\/p>\n<ul>\n<li><strong>Sous vide supreme csirkemell paradicsomos rizott\u00f3val, bazsalikomolajjal \u00e9s pasztern\u00e1k chips-szel<\/strong><\/li>\n<\/ul>\n<p style=\"padding-left: 80px;\"><em>T\u00e1rs\u00edtsd hozz\u00e1 <span style=\"color: #ffcc00;\"><a style=\"color: #ffcc00;\" href=\"https:\/\/mokos.hu\/en\/rooms\/villanyiroze2019\/\">Vill\u00e1nyi Roz\u00e9 Cuv\u00e9e 2019<\/a><\/span>-es borunkat a m\u00e9g teljesebb gasztro\u00e9lm\u00e9ny\u00e9rt!<\/em><\/p>\n<p style=\"padding-left: 80px;\"><em>\u00a0<\/em><\/p>\n<ul>\n<li><strong>Konfit\u00e1lt sert\u00e9starja \u00e9desburgony\u00e1val, s\u00fclt rukkol\u00e1val, r\u00f3kagomb\u00e1val \u00e9s savany\u00edtott gy\u00f6ngyhagym\u00e1val<\/strong><\/li>\n<\/ul>\n<p style=\"padding-left: 80px;\"><em>Fokozd az \u00edz\u00e9lm\u00e9nyt <span style=\"color: #ffcc00;\"><a style=\"color: #ffcc00;\" href=\"https:\/\/mokos.hu\/en\/rooms\/redy-2019\/\">Vill\u00e1nyi REDy 2019-<\/a><\/span>es v\u00f6r\u00f6sborunkkal!<\/em><\/p>\n<p>&nbsp;<\/p>\n<ul>\n<li><strong>Barnavajjal glassz\u00edrozott mandul\u00e1s s\u00fclt pisztr\u00e1ngfil\u00e9 mediterr\u00e1n tabul\u00e9val \u00e9s z\u00f6ldsp\u00e1rg\u00e1val<\/strong><\/li>\n<\/ul>\n<p style=\"padding-left: 80px;\"><em>K\u00f3stold mell\u00e9 <span style=\"color: #ffcc00;\"><a style=\"color: #ffcc00;\" href=\"https:\/\/mokos.hu\/en\/rooms\/olaszrizling2019\/\">Vill\u00e1nyi Olaszrizling 2019<\/a><\/span>-es feh\u00e9rborunkat \u00e9s \u00e9lvezd az \u00edzek harm\u00f3ni\u00e1j\u00e1t!<\/em><\/p>\n<p>&nbsp;<\/p>\n<ul>\n<li><strong>Brownie van\u00edliafagylalttal \u00e9s frissen szedett palkonyai meggyb\u0151l k\u00e9sz\u00fclt \u00f6ntettel<\/strong><\/li>\n<\/ul>\n<p style=\"padding-left: 80px;\"><em><span style=\"color: #ffcc00;\"><a style=\"color: #ffcc00;\" href=\"https:\/\/mokos.hu\/en\/rooms\/meggybor\/\">Sour Cherry Wine<\/a><\/span>unk k\u00eds\u00e9ret\u00e9ben val\u00f3di kulin\u00e1ris kalandoz\u00e1st ny\u00fajt az \u00edzek vil\u00e1g\u00e1ban!<\/em><\/p>\n<p>&nbsp;<\/p>\n<p>\u00c9lvezz ki minden egyes pillanatot, melyet Chef\u00fcnk fog\u00e1sai ny\u00fajtanak, gy\u00f6ny\u00f6rk\u00f6dj a mes\u00e9s palkonyai panor\u00e1m\u00e1ban Borteraszunkr\u00f3l egy poh\u00e1r Mokos bor k\u00eds\u00e9ret\u00e9ben!<\/p>\n\n\t\t<\/div>\n\t<\/div>\n<div class=\"vc_empty_space\"   style=\"height: 32px\"><span class=\"vc_empty_space_inner\"><\/span><\/div>\n\t<div  class=\"wpb_single_image wpb_content_element vc_align_center wpb_content_element\">\n\t\t\n\t\t<figure class=\"wpb_wrapper vc_figure\">\n\t\t\t<div class=\"vc_single_image-wrapper   vc_box_border_grey\"><img decoding=\"async\" width=\"1024\" height=\"132\" src=\"https:\/\/mokos.hu\/wp-content\/uploads\/2020\/07\/Mokos_GastSLOW_Weekend_banner-vekony-koncert1-1024x132.jpg\" class=\"vc_single_image-img attachment-large\" alt=\"\" title=\"Mokos_GastSLOW_Weekend_banner-vekony- koncert1\" srcset=\"https:\/\/mokos.hu\/wp-content\/uploads\/2020\/07\/Mokos_GastSLOW_Weekend_banner-vekony-koncert1-1024x132.jpg 1024w, https:\/\/mokos.hu\/wp-content\/uploads\/2020\/07\/Mokos_GastSLOW_Weekend_banner-vekony-koncert1-300x39.jpg 300w, https:\/\/mokos.hu\/wp-content\/uploads\/2020\/07\/Mokos_GastSLOW_Weekend_banner-vekony-koncert1-600x77.jpg 600w, https:\/\/mokos.hu\/wp-content\/uploads\/2020\/07\/Mokos_GastSLOW_Weekend_banner-vekony-koncert1-1536x197.jpg 1536w, https:\/\/mokos.hu\/wp-content\/uploads\/2020\/07\/Mokos_GastSLOW_Weekend_banner-vekony-koncert1.jpg 1673w\" sizes=\"(max-width: 1024px) 100vw, 1024px\" \/><\/div>\n\t\t<\/figure>\n\t<\/div>\n<div class=\"vc_row wpb_row vc_inner vc_row-fluid vc_custom_1594223216006 vc_row-has-fill\"><div class=\"wpb_column vc_column_container vc_col-sm-6\"><div class=\"vc_column-inner\"><div class=\"wpb_wrapper\">\n\t<div class=\"wpb_text_column wpb_content_element\" >\n\t\t<div class=\"wpb_wrapper\">\n\t\t\t<h4>Hangol\u00f3dj az \u00edzek harm\u00f3ni\u00e1j\u00e1ra<\/h4>\n<p><strong>2020.07.18. 16:00-20:00<\/strong><\/p>\n<p><strong>A gasztrokalandok mellett \u00e9l\u0151zen\u00e9vel gondoskodunk arr\u00f3l, hogy a kikapcsol\u00f3d\u00e1s \u00e9s a felt\u00f6lt\u0151d\u00e9s val\u00f3di \u00e9lm\u00e9ny legyen sz\u00e1modra.<\/strong> A szombati napon a Pinc\u00e9szet\u00fcnkbe m\u00e1r szinte hazat\u00e9r\u0151 Guly\u00e1s Bal\u00e1zs git\u00e1rdallamainak k\u00eds\u00e9ret\u00e9ben adhatod \u00e1t magad a borvid\u00e9ki \u00e9let\u00e9rz\u00e9snek.<\/p>\n\n\t\t<\/div>\n\t<\/div>\n<\/div><\/div><\/div><div class=\"wpb_column vc_column_container vc_col-sm-6\"><div class=\"vc_column-inner\"><div class=\"wpb_wrapper\">\n\t<div class=\"wpb_video_widget wpb_content_element vc_clearfix   vc_video-aspect-ratio-169 vc_video-el-width-100 vc_video-align-center\" >\n\t\t<div class=\"wpb_wrapper\">\n\t\t\t\n\t\t\t<div class=\"wpb_video_wrapper\"><iframe title=\"Ed Sheeran - Photograph - cover by Bal\u00e1zs Guly\u00e1s\" width=\"500\" height=\"281\" src=\"https:\/\/www.youtube.com\/embed\/NkOzF_DkShs?feature=oembed\" frameborder=\"0\" allow=\"accelerometer; autoplay; clipboard-write; encrypted-media; gyroscope; picture-in-picture; web-share\" referrerpolicy=\"strict-origin-when-cross-origin\" allowfullscreen><\/iframe><\/div>\n\t\t<\/div>\n\t<\/div>\n<\/div><\/div><\/div><\/div><div class=\"vc_empty_space\"   style=\"height: 32px\"><span class=\"vc_empty_space_inner\"><\/span><\/div>\n\t<div  class=\"wpb_single_image wpb_content_element vc_align_center wpb_content_element\">\n\t\t\n\t\t<figure class=\"wpb_wrapper vc_figure\">\n\t\t\t<div class=\"vc_single_image-wrapper   vc_box_border_grey\"><img loading=\"lazy\" decoding=\"async\" width=\"1024\" height=\"132\" src=\"https:\/\/mokos.hu\/wp-content\/uploads\/2020\/07\/Mokos_GastSLOW_Weekend_banner-vekony-nyitvatart\u00e1s1-1024x132.jpg\" class=\"vc_single_image-img attachment-large\" alt=\"\" title=\"Mokos_GastSLOW_Weekend_banner-vekony-nyitvatart\u00e1s1\" srcset=\"https:\/\/mokos.hu\/wp-content\/uploads\/2020\/07\/Mokos_GastSLOW_Weekend_banner-vekony-nyitvatart\u00e1s1-1024x132.jpg 1024w, https:\/\/mokos.hu\/wp-content\/uploads\/2020\/07\/Mokos_GastSLOW_Weekend_banner-vekony-nyitvatart\u00e1s1-300x39.jpg 300w, https:\/\/mokos.hu\/wp-content\/uploads\/2020\/07\/Mokos_GastSLOW_Weekend_banner-vekony-nyitvatart\u00e1s1-600x77.jpg 600w, https:\/\/mokos.hu\/wp-content\/uploads\/2020\/07\/Mokos_GastSLOW_Weekend_banner-vekony-nyitvatart\u00e1s1-1536x197.jpg 1536w, https:\/\/mokos.hu\/wp-content\/uploads\/2020\/07\/Mokos_GastSLOW_Weekend_banner-vekony-nyitvatart\u00e1s1.jpg 1673w\" sizes=\"(max-width: 1024px) 100vw, 1024px\" \/><\/div>\n\t\t<\/figure>\n\t<\/div>\n\n\t<div class=\"wpb_text_column wpb_content_element\" >\n\t\t<div class=\"wpb_wrapper\">\n\t\t\t<h4>Nyitvatart\u00e1s<\/h4>\n<p>Pinc\u00e9szet\u00fcnk a Mokos Gast(slow) Weekend ideje alatt <em>(2020.07.18-19. szombat-vas\u00e1rnap)<\/em> az al\u00e1bbi nyitvatart\u00e1ssal v\u00e1rja vend\u00e9geit Panor\u00e1ma Borterasz\u00e1n:<\/p>\n<ul>\n<li><strong>Szombat : 10:00-20:00<\/strong><\/li>\n<li><strong>Vas\u00e1rnap: 10:00-18:00<\/strong><\/li>\n<\/ul>\n<h4>Asztalfoglal\u00e1s<\/h4>\n<p>A Mokos Gast(slow) Weekend sor\u00e1n Panor\u00e1ma Borteraszunkon \u00e9s Bork\u00f3stol\u00f3 term\u00fcnkben egyar\u00e1nt v\u00e1rjuk vend\u00e9geink. Asztalfoglal\u00e1s nem sz\u00fcks\u00e9ges, ha azonban biztosra szeretn\u00e9l menni, keress minket lenti el\u00e9rhet\u0151s\u00e9geinken!<\/p>\n\n\t\t<\/div>\n\t<\/div>\n\n\t<div class=\"wpb_text_column wpb_content_element\" >\n\t\t<div class=\"wpb_wrapper\">\n\t\t\t<h4><strong>Tov\u00e1bbi R\u00e9szletek \u00e9s asztalfoglal\u00e1s<\/strong><\/h4>\n<p><strong>Dalma Menr\u00e1th<\/strong><br \/>\nPhone: +36 70 509 87 79<br \/>\nE-mail:\u00a0<a href=\"mailto:%3Ca%20href=\">\u00a0<\/a><a href=\"mailto:szervezes@mokos.hu\">szervezes@mokos.hu<\/a><\/p>\n\n\t\t<\/div>\n\t<\/div>\n\n\t<div class=\"wpb_text_column wpb_content_element\" >\n\t\t<div class=\"wpb_wrapper\">\n\t\t\t<p>A &#8222;<em><strong>Lassulj vel\u00fcnk Palkony\u00e1n!<\/strong><\/em> &#8221; rendezv\u00e9nyr\u0151l <strong><a href=\"https:\/\/www.facebook.com\/events\/1288035738047014\/\" target=\"_blank\" rel=\"noopener noreferrer\"><span style=\"color: #ffcc00;\">HERE<\/span><\/a><\/strong> and<span style=\"color: #ffcc00;\"> <strong><a style=\"color: #ffcc00;\" href=\"http:\/\/palkonyha.hu\/?fbclid=IwAR1DnvKyaEorMnUaTAmZFND54tUeHK44cay4oDwenlXccnTsCkOQjXDonhw\" target=\"_blank\" rel=\"noopener noreferrer\">HERE<\/a><\/strong> <\/span>olvashatsz tov\u00e1bbi inform\u00e1ci\u00f3kat.<\/p>\n\n\t\t<\/div>\n\t<\/div>\n<div class=\"vc_row wpb_row vc_inner vc_row-fluid\"><div class=\"wpb_column vc_column_container vc_col-sm-12\"><div class=\"vc_column-inner\"><div class=\"wpb_wrapper\">\n\t<div class=\"wpb_text_column wpb_content_element\" >\n\t\t<div class=\"wpb_wrapper\">\n\t\t\t<h3>NEM SZERETN\u00e9l LEMARADNI TOV\u00c1BBI H\u00cdREINKR\u0150L?<\/h3>\n<p>Follow Mokos Winery's community pages or subscribe to our newsletter!<\/p>\n\n\t\t<\/div>\n\t<\/div>\n<\/div><\/div><\/div><\/div><div class=\"vc_empty_space\"   style=\"height: 32px\"><span class=\"vc_empty_space_inner\"><\/span><\/div><div class=\"vc_row wpb_row vc_inner vc_row-fluid\"><div class=\"wpb_column vc_column_container vc_col-sm-2\"><div class=\"vc_column-inner\"><div class=\"wpb_wrapper\"><\/div><\/div><\/div><div class=\"wpb_column vc_column_container vc_col-sm-2\"><div class=\"vc_column-inner\"><div class=\"wpb_wrapper\">\n\t<div  class=\"wpb_single_image wpb_content_element vc_align_center wpb_content_element\">\n\t\t\n\t\t<figure class=\"wpb_wrapper vc_figure\">\n\t\t\t<a href=\"https:\/\/www.facebook.com\/mokospince\/\" target=\"_self\" class=\"vc_single_image-wrapper   vc_box_border_grey\"><img loading=\"lazy\" decoding=\"async\" class=\"vc_single_image-img\" src=\"https:\/\/mokos.hu\/wp-content\/uploads\/2019\/01\/mokos_facebook-e1600696135352-50x50.png\" width=\"50\" height=\"50\" alt=\"mokos_facebook\" title=\"\" \/><\/a>\n\t\t<\/figure>\n\t<\/div>\n<\/div><\/div><\/div><div class=\"wpb_column vc_column_container vc_col-sm-2\"><div class=\"vc_column-inner\"><div class=\"wpb_wrapper\">\n\t<div  class=\"wpb_single_image wpb_content_element vc_align_center wpb_content_element\">\n\t\t\n\t\t<figure class=\"wpb_wrapper vc_figure\">\n\t\t\t<a href=\"https:\/\/www.instagram.com\/mokospinceszet\/\" target=\"_self\" class=\"vc_single_image-wrapper   vc_box_border_grey\"><img loading=\"lazy\" decoding=\"async\" class=\"vc_single_image-img\" src=\"https:\/\/mokos.hu\/wp-content\/uploads\/2019\/01\/mokos_instagram-e1600696068735-50x50.png\" width=\"50\" height=\"50\" alt=\"mokos_instagram\" title=\"\" \/><\/a>\n\t\t<\/figure>\n\t<\/div>\n<\/div><\/div><\/div><div class=\"wpb_column vc_column_container vc_col-sm-2\"><div class=\"vc_column-inner\"><div class=\"wpb_wrapper\">\n\t<div  class=\"wpb_single_image wpb_content_element vc_align_center wpb_content_element\">\n\t\t\n\t\t<figure class=\"wpb_wrapper vc_figure\">\n\t\t\t<a href=\"https:\/\/hu.pinterest.com\/mokospinceszet\/\" target=\"_self\" class=\"vc_single_image-wrapper   vc_box_border_grey\"><img loading=\"lazy\" decoding=\"async\" class=\"vc_single_image-img\" src=\"https:\/\/mokos.hu\/wp-content\/uploads\/2019\/01\/mokos_pinterest-e1600695890939-50x50.png\" width=\"50\" height=\"50\" alt=\"mokos_pinterest\" title=\"\" \/><\/a>\n\t\t<\/figure>\n\t<\/div>\n<\/div><\/div><\/div><div class=\"wpb_column vc_column_container vc_col-sm-2\"><div class=\"vc_column-inner\"><div class=\"wpb_wrapper\">\n\t<div  class=\"wpb_single_image wpb_content_element vc_align_center wpb_content_element\">\n\t\t\n\t\t<figure class=\"wpb_wrapper vc_figure\">\n\t\t\t<a href=\"https:\/\/www.youtube.com\/channel\/UC09HlsfPpQgSmHoM68pXEgg\" target=\"_self\" class=\"vc_single_image-wrapper   vc_box_border_grey\"><img loading=\"lazy\" decoding=\"async\" class=\"vc_single_image-img\" src=\"https:\/\/mokos.hu\/wp-content\/uploads\/2019\/01\/mokos_youtube-e1600695793262-50x50.png\" width=\"50\" height=\"50\" alt=\"mokos_youtube\" title=\"\" \/><\/a>\n\t\t<\/figure>\n\t<\/div>\n<\/div><\/div><\/div><div class=\"wpb_column vc_column_container vc_col-sm-2\"><div class=\"vc_column-inner\"><div class=\"wpb_wrapper\"><\/div><\/div><\/div><\/div><\/div><\/div><\/div><\/div>\n<\/div>","protected":false},"excerpt":{"rendered":"MOKOS gast(SLOW) Weekend Lassulj Vel\u00fcnk Palkony\u00e1n! 2020.07.18-19. szombat \u00e9s vas\u00e1rnap Sokszor feltetted m\u00e1r magadnak a k\u00e9rd\u00e9st, hogy mikor lenne id\u0151d lass\u00edtani? Mi megtal\u00e1ltuk sz\u00e1modra a megfelel\u0151 alkalmat: Lassulj be, kapcsolj&hellip;","protected":false},"author":6,"featured_media":10046,"parent":0,"menu_order":0,"comment_status":"closed","ping_status":"closed","template":"","meta":{"_acf_changed":false,"footnotes":""},"class_list":["post-10032","page","type-page","status-publish","has-post-thumbnail","hentry"],"acf":[],"yoast_head":"<!-- This site is optimized with the Yoast SEO plugin v27.5 - https:\/\/yoast.com\/product\/yoast-seo-wordpress\/ -->\n<title>Mokos Gast(slow) Weekend - Lassulj vel\u00fcnk Palkony\u00e1n! - MOKOS<\/title>\n<meta name=\"description\" content=\"Lassulj vel\u00fcnk Palkony\u00e1n! Mokos Gast(slow) Weekend ideje alatt \u00e9telaj\u00e1nlatok, vill\u00e1nyi borok, gy\u00fcm\u00f6lcsborok \u00e9s akusztikus koncert Panor\u00e1ma Borteraszunkon.\" \/>\n<meta name=\"robots\" content=\"index, follow, max-snippet:-1, max-image-preview:large, max-video-preview:-1\" \/>\n<link rel=\"canonical\" href=\"https:\/\/mokos.hu\/en\/mokos-gastslow-weekend-lassulj-velunk-palkonyan\/\" \/>\n<meta property=\"og:locale\" content=\"en_US\" \/>\n<meta property=\"og:type\" content=\"article\" \/>\n<meta property=\"og:title\" content=\"Mokos Gast(slow) Weekend - Lassulj vel\u00fcnk Palkony\u00e1n! - MOKOS\" \/>\n<meta property=\"og:description\" content=\"Lassulj vel\u00fcnk Palkony\u00e1n! Mokos Gast(slow) Weekend ideje alatt \u00e9telaj\u00e1nlatok, vill\u00e1nyi borok, gy\u00fcm\u00f6lcsborok \u00e9s akusztikus koncert Panor\u00e1ma Borteraszunkon.\" \/>\n<meta property=\"og:url\" content=\"https:\/\/mokos.hu\/en\/mokos-gastslow-weekend-lassulj-velunk-palkonyan\/\" \/>\n<meta property=\"og:site_name\" content=\"MOKOS\" \/>\n<meta property=\"article:modified_time\" content=\"2025-01-21T12:25:12+00:00\" \/>\n<meta property=\"og:image\" content=\"https:\/\/mokos.hu\/wp-content\/uploads\/2020\/07\/Mokos_GastSLOW_Weekend_banner-e1600678458519.jpg\" \/>\n\t<meta property=\"og:image:width\" content=\"1200\" \/>\n\t<meta property=\"og:image:height\" content=\"680\" \/>\n\t<meta property=\"og:image:type\" content=\"image\/jpeg\" \/>\n<meta name=\"twitter:card\" content=\"summary_large_image\" \/>\n<meta name=\"twitter:label1\" content=\"Est. reading time\" \/>\n\t<meta name=\"twitter:data1\" content=\"4 minutes\" \/>\n<script type=\"application\/ld+json\" class=\"yoast-schema-graph\">{\"@context\":\"https:\\\/\\\/schema.org\",\"@graph\":[{\"@type\":\"WebPage\",\"@id\":\"https:\\\/\\\/mokos.hu\\\/mokos-gastslow-weekend-lassulj-velunk-palkonyan\\\/\",\"url\":\"https:\\\/\\\/mokos.hu\\\/mokos-gastslow-weekend-lassulj-velunk-palkonyan\\\/\",\"name\":\"Mokos Gast(slow) Weekend - Lassulj vel\u00fcnk Palkony\u00e1n! - MOKOS\",\"isPartOf\":{\"@id\":\"https:\\\/\\\/mokos.hu\\\/#website\"},\"primaryImageOfPage\":{\"@id\":\"https:\\\/\\\/mokos.hu\\\/mokos-gastslow-weekend-lassulj-velunk-palkonyan\\\/#primaryimage\"},\"image\":{\"@id\":\"https:\\\/\\\/mokos.hu\\\/mokos-gastslow-weekend-lassulj-velunk-palkonyan\\\/#primaryimage\"},\"thumbnailUrl\":\"https:\\\/\\\/mokos.hu\\\/wp-content\\\/uploads\\\/2020\\\/07\\\/Mokos_GastSLOW_Weekend_banner-e1600678458519.jpg\",\"datePublished\":\"2020-07-09T08:49:29+00:00\",\"dateModified\":\"2025-01-21T12:25:12+00:00\",\"description\":\"Lassulj vel\u00fcnk Palkony\u00e1n! Mokos Gast(slow) Weekend ideje alatt \u00e9telaj\u00e1nlatok, vill\u00e1nyi borok, gy\u00fcm\u00f6lcsborok \u00e9s akusztikus koncert Panor\u00e1ma Borteraszunkon.\",\"breadcrumb\":{\"@id\":\"https:\\\/\\\/mokos.hu\\\/mokos-gastslow-weekend-lassulj-velunk-palkonyan\\\/#breadcrumb\"},\"inLanguage\":\"en-US\",\"potentialAction\":[{\"@type\":\"ReadAction\",\"target\":[\"https:\\\/\\\/mokos.hu\\\/mokos-gastslow-weekend-lassulj-velunk-palkonyan\\\/\"]}]},{\"@type\":\"ImageObject\",\"inLanguage\":\"en-US\",\"@id\":\"https:\\\/\\\/mokos.hu\\\/mokos-gastslow-weekend-lassulj-velunk-palkonyan\\\/#primaryimage\",\"url\":\"https:\\\/\\\/mokos.hu\\\/wp-content\\\/uploads\\\/2020\\\/07\\\/Mokos_GastSLOW_Weekend_banner-e1600678458519.jpg\",\"contentUrl\":\"https:\\\/\\\/mokos.hu\\\/wp-content\\\/uploads\\\/2020\\\/07\\\/Mokos_GastSLOW_Weekend_banner-e1600678458519.jpg\",\"width\":1200,\"height\":680,\"caption\":\"Mokos_GastSLOW_Weekend_banner\"},{\"@type\":\"BreadcrumbList\",\"@id\":\"https:\\\/\\\/mokos.hu\\\/mokos-gastslow-weekend-lassulj-velunk-palkonyan\\\/#breadcrumb\",\"itemListElement\":[{\"@type\":\"ListItem\",\"position\":1,\"name\":\"Home\",\"item\":\"https:\\\/\\\/mokos.hu\\\/\"},{\"@type\":\"ListItem\",\"position\":2,\"name\":\"Mokos Gast(slow) Weekend &#8211; Lassulj vel\u00fcnk Palkony\u00e1n!\"}]},{\"@type\":\"WebSite\",\"@id\":\"https:\\\/\\\/mokos.hu\\\/#website\",\"url\":\"https:\\\/\\\/mokos.hu\\\/\",\"name\":\"MOKOS\",\"description\":\"Csal\u00e1di Pinc\u00e9szet, Palkonya\",\"publisher\":{\"@id\":\"https:\\\/\\\/mokos.hu\\\/#organization\"},\"potentialAction\":[{\"@type\":\"SearchAction\",\"target\":{\"@type\":\"EntryPoint\",\"urlTemplate\":\"https:\\\/\\\/mokos.hu\\\/?s={search_term_string}\"},\"query-input\":{\"@type\":\"PropertyValueSpecification\",\"valueRequired\":true,\"valueName\":\"search_term_string\"}}],\"inLanguage\":\"en-US\"},{\"@type\":\"Organization\",\"@id\":\"https:\\\/\\\/mokos.hu\\\/#organization\",\"name\":\"MOKOS\",\"url\":\"https:\\\/\\\/mokos.hu\\\/\",\"logo\":{\"@type\":\"ImageObject\",\"inLanguage\":\"en-US\",\"@id\":\"https:\\\/\\\/mokos.hu\\\/#\\\/schema\\\/logo\\\/image\\\/\",\"url\":\"https:\\\/\\\/mokos.hu\\\/wp-content\\\/uploads\\\/2018\\\/11\\\/cropped-Mokos_Villanyi-Borvidek-Palkonya-1.png\",\"contentUrl\":\"https:\\\/\\\/mokos.hu\\\/wp-content\\\/uploads\\\/2018\\\/11\\\/cropped-Mokos_Villanyi-Borvidek-Palkonya-1.png\",\"width\":1000,\"height\":245,\"caption\":\"MOKOS\"},\"image\":{\"@id\":\"https:\\\/\\\/mokos.hu\\\/#\\\/schema\\\/logo\\\/image\\\/\"}}]}<\/script>\n<!-- \/ Yoast SEO plugin. -->","yoast_head_json":{"title":"Mokos Gast(slow) Weekend - Lassulj vel\u00fcnk Palkony\u00e1n! - MOKOS","description":"Lassulj vel\u00fcnk Palkony\u00e1n! Mokos Gast(slow) Weekend ideje alatt \u00e9telaj\u00e1nlatok, vill\u00e1nyi borok, gy\u00fcm\u00f6lcsborok \u00e9s akusztikus koncert Panor\u00e1ma Borteraszunkon.","robots":{"index":"index","follow":"follow","max-snippet":"max-snippet:-1","max-image-preview":"max-image-preview:large","max-video-preview":"max-video-preview:-1"},"canonical":"https:\/\/mokos.hu\/en\/mokos-gastslow-weekend-lassulj-velunk-palkonyan\/","og_locale":"en_US","og_type":"article","og_title":"Mokos Gast(slow) Weekend - Lassulj vel\u00fcnk Palkony\u00e1n! - MOKOS","og_description":"Lassulj vel\u00fcnk Palkony\u00e1n! Mokos Gast(slow) Weekend ideje alatt \u00e9telaj\u00e1nlatok, vill\u00e1nyi borok, gy\u00fcm\u00f6lcsborok \u00e9s akusztikus koncert Panor\u00e1ma Borteraszunkon.","og_url":"https:\/\/mokos.hu\/en\/mokos-gastslow-weekend-lassulj-velunk-palkonyan\/","og_site_name":"MOKOS","article_modified_time":"2025-01-21T12:25:12+00:00","og_image":[{"width":1200,"height":680,"url":"https:\/\/mokos.hu\/wp-content\/uploads\/2020\/07\/Mokos_GastSLOW_Weekend_banner-e1600678458519.jpg","type":"image\/jpeg"}],"twitter_card":"summary_large_image","twitter_misc":{"Est. reading time":"4 minutes"},"schema":{"@context":"https:\/\/schema.org","@graph":[{"@type":"WebPage","@id":"https:\/\/mokos.hu\/mokos-gastslow-weekend-lassulj-velunk-palkonyan\/","url":"https:\/\/mokos.hu\/mokos-gastslow-weekend-lassulj-velunk-palkonyan\/","name":"Mokos Gast(slow) Weekend - Lassulj vel\u00fcnk Palkony\u00e1n! - MOKOS","isPartOf":{"@id":"https:\/\/mokos.hu\/#website"},"primaryImageOfPage":{"@id":"https:\/\/mokos.hu\/mokos-gastslow-weekend-lassulj-velunk-palkonyan\/#primaryimage"},"image":{"@id":"https:\/\/mokos.hu\/mokos-gastslow-weekend-lassulj-velunk-palkonyan\/#primaryimage"},"thumbnailUrl":"https:\/\/mokos.hu\/wp-content\/uploads\/2020\/07\/Mokos_GastSLOW_Weekend_banner-e1600678458519.jpg","datePublished":"2020-07-09T08:49:29+00:00","dateModified":"2025-01-21T12:25:12+00:00","description":"Lassulj vel\u00fcnk Palkony\u00e1n! Mokos Gast(slow) Weekend ideje alatt \u00e9telaj\u00e1nlatok, vill\u00e1nyi borok, gy\u00fcm\u00f6lcsborok \u00e9s akusztikus koncert Panor\u00e1ma Borteraszunkon.","breadcrumb":{"@id":"https:\/\/mokos.hu\/mokos-gastslow-weekend-lassulj-velunk-palkonyan\/#breadcrumb"},"inLanguage":"en-US","potentialAction":[{"@type":"ReadAction","target":["https:\/\/mokos.hu\/mokos-gastslow-weekend-lassulj-velunk-palkonyan\/"]}]},{"@type":"ImageObject","inLanguage":"en-US","@id":"https:\/\/mokos.hu\/mokos-gastslow-weekend-lassulj-velunk-palkonyan\/#primaryimage","url":"https:\/\/mokos.hu\/wp-content\/uploads\/2020\/07\/Mokos_GastSLOW_Weekend_banner-e1600678458519.jpg","contentUrl":"https:\/\/mokos.hu\/wp-content\/uploads\/2020\/07\/Mokos_GastSLOW_Weekend_banner-e1600678458519.jpg","width":1200,"height":680,"caption":"Mokos_GastSLOW_Weekend_banner"},{"@type":"BreadcrumbList","@id":"https:\/\/mokos.hu\/mokos-gastslow-weekend-lassulj-velunk-palkonyan\/#breadcrumb","itemListElement":[{"@type":"ListItem","position":1,"name":"Home","item":"https:\/\/mokos.hu\/"},{"@type":"ListItem","position":2,"name":"Mokos Gast(slow) Weekend &#8211; Lassulj vel\u00fcnk Palkony\u00e1n!"}]},{"@type":"WebSite","@id":"https:\/\/mokos.hu\/#website","url":"https:\/\/mokos.hu\/","name":"MOKOS","description":"Family Winery, Palkonya","publisher":{"@id":"https:\/\/mokos.hu\/#organization"},"potentialAction":[{"@type":"SearchAction","target":{"@type":"EntryPoint","urlTemplate":"https:\/\/mokos.hu\/?s={search_term_string}"},"query-input":{"@type":"PropertyValueSpecification","valueRequired":true,"valueName":"search_term_string"}}],"inLanguage":"en-US"},{"@type":"Organization","@id":"https:\/\/mokos.hu\/#organization","name":"MOKOS","url":"https:\/\/mokos.hu\/","logo":{"@type":"ImageObject","inLanguage":"en-US","@id":"https:\/\/mokos.hu\/#\/schema\/logo\/image\/","url":"https:\/\/mokos.hu\/wp-content\/uploads\/2018\/11\/cropped-Mokos_Villanyi-Borvidek-Palkonya-1.png","contentUrl":"https:\/\/mokos.hu\/wp-content\/uploads\/2018\/11\/cropped-Mokos_Villanyi-Borvidek-Palkonya-1.png","width":1000,"height":245,"caption":"MOKOS"},"image":{"@id":"https:\/\/mokos.hu\/#\/schema\/logo\/image\/"}}]}},"_links":{"self":[{"href":"https:\/\/mokos.hu\/en\/wp-json\/wp\/v2\/pages\/10032","targetHints":{"allow":["GET"]}}],"collection":[{"href":"https:\/\/mokos.hu\/en\/wp-json\/wp\/v2\/pages"}],"about":[{"href":"https:\/\/mokos.hu\/en\/wp-json\/wp\/v2\/types\/page"}],"author":[{"embeddable":true,"href":"https:\/\/mokos.hu\/en\/wp-json\/wp\/v2\/users\/6"}],"replies":[{"embeddable":true,"href":"https:\/\/mokos.hu\/en\/wp-json\/wp\/v2\/comments?post=10032"}],"version-history":[{"count":0,"href":"https:\/\/mokos.hu\/en\/wp-json\/wp\/v2\/pages\/10032\/revisions"}],"wp:featuredmedia":[{"embeddable":true,"href":"https:\/\/mokos.hu\/en\/wp-json\/wp\/v2\/media\/10046"}],"wp:attachment":[{"href":"https:\/\/mokos.hu\/en\/wp-json\/wp\/v2\/media?parent=10032"}],"curies":[{"name":"wp","href":"https:\/\/api.w.org\/{rel}","templated":true}]}}