{"id":7356,"date":"2019-04-12T12:06:33","date_gmt":"2019-04-12T11:06:33","guid":{"rendered":"http:\/\/dev.vinolin.hu\/?page_id=7356\/"},"modified":"2025-01-21T14:25:14","modified_gmt":"2025-01-21T12:25:14","slug":"nyarvaro-csomagajanlat","status":"publish","type":"page","link":"https:\/\/mokos.hu\/de\/szallas-es-etterem\/nyarvaro-csomagajanlat\/","title":{"rendered":"Ny\u00e1rv\u00e1r\u00f3 Csomagaj\u00e1nlat"},"content":{"rendered":"<div class=\"wpb-content-wrapper\"><div class=\"vc_row wpb_row vc_row-fluid\"><div class=\"wpb_column vc_column_container vc_col-sm-12\"><div class=\"vc_column-inner\"><div class=\"wpb_wrapper\">\n\t<div  class=\"wpb_single_image wpb_content_element vc_align_left wpb_content_element\">\n\t\t\n\t\t<figure class=\"wpb_wrapper vc_figure\">\n\t\t\t<div class=\"vc_single_image-wrapper   vc_box_border_grey\"><img fetchpriority=\"high\" decoding=\"async\" width=\"1024\" height=\"330\" src=\"https:\/\/mokos.hu\/wp-content\/uploads\/2019\/02\/Mokos_Pinceszet_cspat_borozos_2000x645-1024x330.jpg\" class=\"vc_single_image-img attachment-large\" alt=\"\" title=\"Mokos_Pinceszet_cspat_borozos_2000x645\" srcset=\"https:\/\/mokos.hu\/wp-content\/uploads\/2019\/02\/Mokos_Pinceszet_cspat_borozos_2000x645-1024x330.jpg 1024w, https:\/\/mokos.hu\/wp-content\/uploads\/2019\/02\/Mokos_Pinceszet_cspat_borozos_2000x645-300x97.jpg 300w, https:\/\/mokos.hu\/wp-content\/uploads\/2019\/02\/Mokos_Pinceszet_cspat_borozos_2000x645-600x194.jpg 600w, https:\/\/mokos.hu\/wp-content\/uploads\/2019\/02\/Mokos_Pinceszet_cspat_borozos_2000x645-e1600694525532.jpg 1200w\" sizes=\"(max-width: 1024px) 100vw, 1024px\" \/><\/div>\n\t\t<\/figure>\n\t<\/div>\n\n\t<div class=\"wpb_text_column wpb_content_element\" >\n\t\t<div class=\"wpb_wrapper\">\n\t\t\t<h3>Ny\u00e1rv\u00e1r\u00f3 Csomagaj\u00e1nlat\u00a0&#8211; 2019.05.17-19.<\/h3>\n\n\t\t<\/div>\n\t<\/div>\n\n\t<div class=\"wpb_text_column wpb_content_element\" >\n\t\t<div class=\"wpb_wrapper\">\n\t\t\t<p><strong>T\u00f6lts\u00f6n n\u00e1lunk egy \u00e9lm\u00e9nyd\u00fas h\u00e9tv\u00e9g\u00e9t \u00e9s kalandozzon vel\u00fcnk az \u00edzek vil\u00e1g\u00e1ban!\u00a0<\/strong>V\u00e1lassza Ny\u00e1rv\u00e1r\u00f3 Csomagaj\u00e1nlatunk \u00e9s vegyen r\u00e9szt gasztroprogramjainkon. Pihenje ki a tavaszi f\u00e1radts\u00e1got a borvid\u00e9ken \u00e9s v\u00e1rja vel\u00fcnk a nyarat vill\u00e1nyi borok k\u00eds\u00e9ret\u00e9ben!<\/p>\n<p><strong>Ny\u00e1rv\u00e1r\u00f3 Csomag Tartalma:<\/strong><\/p>\n<ul>\n<li>Sz\u00e1ll\u00e1s 2 \u00e9jszak\u00e1ra a Mokos Vend\u00e9gh\u00e1zban<\/li>\n<li>Halbpension<\/li>\n<li>Reichlich<strong>\u00a0Fr\u00fchst\u00fccksbuffet<\/strong><\/li>\n<li>Verwaltet von<strong>\u00a0Pince- \u00e9s Birtokl\u00e1togat\u00e1s\u00a0\u00a0<\/strong>pinc\u00e9szet\u00fcnk szakavatott koll\u00e9g\u00e1j\u00e1val- m\u00e1jus 18. 10:00<\/li>\n<li>B\u0151s\u00e9gt\u00e1las vacsora a Mokos Pinc\u00e9szetben &#8211; m\u00e1jus 17. este<\/li>\n<li><strong>Ny\u00e1rv\u00e1r\u00f3 Borvacsora<\/strong>\u00a0a Mokos Pinc\u00e9szetben\u00a0&#8211; m\u00e1jus 18. este<\/li>\n<li>Kostenloses Parken<\/li>\n<\/ul>\n<div><strong>\u00c9rv\u00e9nyess\u00e9g: 2019.05.17-19.<\/strong><\/div>\n<div><strong>\u00a0<\/strong><\/div>\n<h5 style=\"text-align: center;\"><a href=\"http:\/\/dev.vinolin.hu\/rendezvenyek\/nyarvaro-borvacsora\/\"><strong>Tov\u00e1bb a Ny\u00e1rv\u00e1r\u00f3 Borvacsor\u00e1hoz! &gt;&gt;<\/strong><\/a><\/h5>\n<div><\/div>\n<div><\/div>\n<div><strong>Preis des Pakets:<\/strong><\/div>\n<div>\n<table border=\"0\">\n<tbody>\n<tr>\n<td>Anzahl der N\u00e4chte<\/td>\n<td>Datum<\/td>\n<td>G\u00e4stehaus<\/td>\n<\/tr>\n<tr>\n<td>2 N\u00e4chte<\/td>\n<td>2019.05.17-19.<\/td>\n<td>\u00a016.500 Ft\/F\u0151\/\u00c9j<\/td>\n<\/tr>\n<\/tbody>\n<\/table>\n<\/div>\n<div><\/div>\n<div><strong>K\u00e9rje Ny\u00e1rv\u00e1r\u00f3 Csomagaj\u00e1nlatunkat 2019. m\u00e1jus 5-ig \u00e9s mi megaj\u00e1nd\u00e9kozzuk \u00d6nt egy Mini K\u00f3stol\u00f3 Kuponnal, mely 3 (2+1) Mokos bor k\u00f3stol\u00e1s\u00e1ra jogos\u00edtja fel tulajdonos\u00e1t !*<\/strong><\/div>\n\n\t\t<\/div>\n\t<\/div>\n<div class=\"vc_row wpb_row vc_inner vc_row-fluid\"><div class=\"wpb_column vc_column_container vc_col-sm-2\"><div class=\"vc_column-inner\"><div class=\"wpb_wrapper\"><\/div><\/div><\/div><div class=\"wpb_column vc_column_container vc_col-sm-8\"><div class=\"vc_column-inner\"><div class=\"wpb_wrapper\">\n\t<div class=\"wpb_text_column wpb_content_element vc_custom_1555067119797\" >\n\t\t<div class=\"wpb_wrapper\">\n\t\t\t<p style=\"text-align: center;\"><span style=\"color: #ffffff;\">Tov\u00e1bb a Ny\u00e1rv\u00e1r\u00f3 Csomagaj\u00e1nlat v\u00e1s\u00e1rl\u00e1s\u00e1hoz!<\/span><\/p>\n\n\t\t<\/div>\n\t<\/div>\n<div class=\"vc_empty_space\"   style=\"height: 32px\"><span class=\"vc_empty_space_inner\"><\/span><\/div><\/div><\/div><\/div><div class=\"wpb_column vc_column_container vc_col-sm-2\"><div class=\"vc_column-inner\"><div class=\"wpb_wrapper\"><\/div><\/div><\/div><\/div>\n\t<div class=\"wpb_text_column wpb_content_element\" >\n\t\t<div class=\"wpb_wrapper\">\n\t\t\t<p><strong>FAKULTATIVE PROGRAMME:<\/strong><\/p>\n<ul>\n<li>Weintouren im Weinbaugebiet Vill\u00e1ny (Mindestteilnehmerzahl)<\/li>\n<li>Obstweinverkostung der 100 % Palkonya Fruchtdessertweine der Mokos Winery<\/li>\n<li>Pferdekutschenfahrten (je nach Mindestteilnehmerzahl und Wetterlage)<\/li>\n<li>Abenteuerliche Teambuilding-Spiele<\/li>\n<\/ul>\n<div><\/div>\n<p><strong>WEITERE ATTRAKTIONEN UND AKTIVIT\u00c4TEN IN DER WEINREGION VILL\u00c1NY:<\/strong><\/p>\n<ul>\n<li>Entspannen Sie sich in den Erlebnisb\u00e4dern des Sikl\u00f3s-Bades oder des Hark\u00e1ny-Bades!<\/li>\n<li>Machen Sie einen Ausflug zum renovierten Schloss Sikl\u00f3s, dem Schauplatz des \"Kapit\u00e4n Tenkes\"!<\/li>\n<li>Besuchen Sie die Wallfahrtskirche von M\u00e1riagy\u0171d (2 km von Sikl\u00f3s entfernt) und vergessen Sie nicht, beim Czukorbors\u00f3 S\u00fctiz\u0151 (Zuckererbsenbacken) vorbeizuschauen!<\/li>\n<li>Csod\u00e1lja meg a panor\u00e1m\u00e1t a Templom-hegyr\u0151l, vagy a palkonyai Szent Bertalan k\u00e1poln\u00e1t\u00f3l!<\/li>\n<li>Besuchen Sie den Statuenpark in Nagyhars\u00e1ny!<\/li>\n<\/ul>\n<div><\/div>\n<p><strong>Foglal\u00e1s\u00e9rt \u00e9s r\u00e9szletek\u00e9rt keressen minket el\u00e9rhet\u0151s\u00e9geinken:<\/strong><\/p>\n<p>Weingut Mokos<br \/>\n7771, Palkonya, Hegyalja \u00fat 1.<\/p>\n<p><strong>Vikt\u00f3ria Mokos<\/strong><br \/>\nTelefon: +36 70 425 03 34<br \/>\nE-Mail:\u00a0\u00a0<a href=\"mailto:%3Ca%20href=\" target=\"_blank\" rel=\"noopener noreferrer\">\u00a0<\/a><a href=\"mailto:%3Ca%20href=\">\u00a0<\/a><a href=\"mailto:szervezes@mokos.hu\">szervezes@mokos.hu<\/a><\/p>\n<p><strong>Dalma Menr\u00e1th<\/strong><br \/>\nTelefon: +36 70 509 87 79<br \/>\nE-Mail:\u00a0<a href=\"mailto:%3Ca%20href=\" target=\"_blank\" rel=\"noopener noreferrer\">\u00a0<\/a><a href=\"mailto:%3Ca%20href=\" target=\"_blank\" rel=\"noopener noreferrer\">\u00a0<\/a><a href=\"mailto:%3Ca%20href=\">\u00a0<\/a><a href=\"mailto:szervezes@mokos.hu\">szervezes@mokos.hu<\/a><\/p>\n<p><em>* Amennyiben\u00a02019. m\u00e1jus 5. \u00e9jf\u00e9lig\u00a0jelentkezik Ny\u00e1rv\u00e1r\u00f3 Csomagaj\u00e1nlatunkra, \u00fagy a csomagja mell\u00e9 aj\u00e1nd\u00e9kba adunk egy Mini K\u00f3stol\u00f3 Kupont, mely 3 t\u00e9teles bork\u00f3stol\u00f3ra ny\u00fajt lehet\u0151s\u00e9get a Mokos Pinc\u00e9szetben. A k\u00f3stol\u00f3 sor\u00e1n 2 vill\u00e1nyi v\u00e9dett eredet\u0171 bort, illetve egy pr\u00e9mium gy\u00fcm\u00f6lcsbort \u00edzlelhet meg a kupon tulajdonosa. A k\u00f3stol\u00f3 kuponok\u00a0el\u0151re egyeztetett id\u0151pontban\u00a02019. december 31-ig haszn\u00e1lhat\u00f3ak fel pinc\u00e9szet\u00fcnkben (Mokos Pinc\u00e9szet, 7771 Palkonya, Hegyalja u. 1.). Egy csomag v\u00e1s\u00e1rl\u00e1sa eset\u00e9n egy Mini K\u00f3stol\u00f3 Kupont adunk aj\u00e1nd\u00e9kba.<\/em><\/p>\n\n\t\t<\/div>\n\t<\/div>\n<\/div><\/div><\/div><\/div>\n<\/div>","protected":false},"excerpt":{"rendered":"Ny\u00e1rv\u00e1r\u00f3 Csomagaj\u00e1nlat\u00a0- 2019.05.17-19. T\u00f6lts\u00f6n n\u00e1lunk egy \u00e9lm\u00e9nyd\u00fas h\u00e9tv\u00e9g\u00e9t \u00e9s kalandozzon vel\u00fcnk az \u00edzek vil\u00e1g\u00e1ban!\u00a0V\u00e1lassza Ny\u00e1rv\u00e1r\u00f3 Csomagaj\u00e1nlatunk \u00e9s vegyen r\u00e9szt gasztroprogramjainkon. Pihenje ki a tavaszi f\u00e1radts\u00e1got a borvid\u00e9ken \u00e9s v\u00e1rja vel\u00fcnk&hellip;","protected":false},"author":6,"featured_media":0,"parent":7251,"menu_order":1,"comment_status":"closed","ping_status":"closed","template":"","meta":{"_acf_changed":false,"footnotes":""},"class_list":["post-7356","page","type-page","status-publish","hentry"],"acf":[],"yoast_head":"<!-- This site is optimized with the Yoast SEO plugin v27.5 - https:\/\/yoast.com\/product\/yoast-seo-wordpress\/ -->\n<title>Ny\u00e1rv\u00e1r\u00f3 Csomagaj\u00e1nlat - MOKOS<\/title>\n<meta name=\"robots\" content=\"index, follow, max-snippet:-1, max-image-preview:large, max-video-preview:-1\" \/>\n<link rel=\"canonical\" href=\"https:\/\/mokos.hu\/de\/salon-und-speisesaal\/nyarvaro-csomagajanlat\/\" \/>\n<meta property=\"og:locale\" content=\"de_DE\" \/>\n<meta property=\"og:type\" content=\"article\" \/>\n<meta property=\"og:title\" content=\"Ny\u00e1rv\u00e1r\u00f3 Csomagaj\u00e1nlat - MOKOS\" \/>\n<meta property=\"og:url\" content=\"https:\/\/mokos.hu\/de\/salon-und-speisesaal\/nyarvaro-csomagajanlat\/\" \/>\n<meta property=\"og:site_name\" content=\"MOKOS\" \/>\n<meta property=\"article:modified_time\" content=\"2025-01-21T12:25:14+00:00\" \/>\n<meta name=\"twitter:card\" content=\"summary_large_image\" \/>\n<meta name=\"twitter:label1\" content=\"Gesch\u00e4tzte Lesezeit\" \/>\n\t<meta name=\"twitter:data1\" content=\"3\u00a0Minuten\" \/>\n<script type=\"application\/ld+json\" class=\"yoast-schema-graph\">{\"@context\":\"https:\\\/\\\/schema.org\",\"@graph\":[{\"@type\":\"WebPage\",\"@id\":\"https:\\\/\\\/mokos.hu\\\/szallas-es-etterem\\\/nyarvaro-csomagajanlat\\\/\",\"url\":\"https:\\\/\\\/mokos.hu\\\/szallas-es-etterem\\\/nyarvaro-csomagajanlat\\\/\",\"name\":\"Ny\u00e1rv\u00e1r\u00f3 Csomagaj\u00e1nlat - MOKOS\",\"isPartOf\":{\"@id\":\"https:\\\/\\\/mokos.hu\\\/#website\"},\"datePublished\":\"2019-04-12T11:06:33+00:00\",\"dateModified\":\"2025-01-21T12:25:14+00:00\",\"breadcrumb\":{\"@id\":\"https:\\\/\\\/mokos.hu\\\/szallas-es-etterem\\\/nyarvaro-csomagajanlat\\\/#breadcrumb\"},\"inLanguage\":\"de\",\"potentialAction\":[{\"@type\":\"ReadAction\",\"target\":[\"https:\\\/\\\/mokos.hu\\\/szallas-es-etterem\\\/nyarvaro-csomagajanlat\\\/\"]}]},{\"@type\":\"BreadcrumbList\",\"@id\":\"https:\\\/\\\/mokos.hu\\\/szallas-es-etterem\\\/nyarvaro-csomagajanlat\\\/#breadcrumb\",\"itemListElement\":[{\"@type\":\"ListItem\",\"position\":1,\"name\":\"Home\",\"item\":\"https:\\\/\\\/mokos.hu\\\/\"},{\"@type\":\"ListItem\",\"position\":2,\"name\":\"Sz\u00e1ll\u00e1s \u00e9s \u00c9tterem\",\"item\":\"https:\\\/\\\/mokos.hu\\\/szallas-es-etterem\\\/\"},{\"@type\":\"ListItem\",\"position\":3,\"name\":\"Ny\u00e1rv\u00e1r\u00f3 Csomagaj\u00e1nlat\"}]},{\"@type\":\"WebSite\",\"@id\":\"https:\\\/\\\/mokos.hu\\\/#website\",\"url\":\"https:\\\/\\\/mokos.hu\\\/\",\"name\":\"MOKOS\",\"description\":\"Csal\u00e1di Pinc\u00e9szet, Palkonya\",\"publisher\":{\"@id\":\"https:\\\/\\\/mokos.hu\\\/#organization\"},\"potentialAction\":[{\"@type\":\"SearchAction\",\"target\":{\"@type\":\"EntryPoint\",\"urlTemplate\":\"https:\\\/\\\/mokos.hu\\\/?s={search_term_string}\"},\"query-input\":{\"@type\":\"PropertyValueSpecification\",\"valueRequired\":true,\"valueName\":\"search_term_string\"}}],\"inLanguage\":\"de\"},{\"@type\":\"Organization\",\"@id\":\"https:\\\/\\\/mokos.hu\\\/#organization\",\"name\":\"MOKOS\",\"url\":\"https:\\\/\\\/mokos.hu\\\/\",\"logo\":{\"@type\":\"ImageObject\",\"inLanguage\":\"de\",\"@id\":\"https:\\\/\\\/mokos.hu\\\/#\\\/schema\\\/logo\\\/image\\\/\",\"url\":\"https:\\\/\\\/mokos.hu\\\/wp-content\\\/uploads\\\/2018\\\/11\\\/cropped-Mokos_Villanyi-Borvidek-Palkonya-1.png\",\"contentUrl\":\"https:\\\/\\\/mokos.hu\\\/wp-content\\\/uploads\\\/2018\\\/11\\\/cropped-Mokos_Villanyi-Borvidek-Palkonya-1.png\",\"width\":1000,\"height\":245,\"caption\":\"MOKOS\"},\"image\":{\"@id\":\"https:\\\/\\\/mokos.hu\\\/#\\\/schema\\\/logo\\\/image\\\/\"}}]}<\/script>\n<!-- \/ Yoast SEO plugin. -->","yoast_head_json":{"title":"Ny\u00e1rv\u00e1r\u00f3 Csomagaj\u00e1nlat - MOKOS","robots":{"index":"index","follow":"follow","max-snippet":"max-snippet:-1","max-image-preview":"max-image-preview:large","max-video-preview":"max-video-preview:-1"},"canonical":"https:\/\/mokos.hu\/de\/salon-und-speisesaal\/nyarvaro-csomagajanlat\/","og_locale":"de_DE","og_type":"article","og_title":"Ny\u00e1rv\u00e1r\u00f3 Csomagaj\u00e1nlat - MOKOS","og_url":"https:\/\/mokos.hu\/de\/salon-und-speisesaal\/nyarvaro-csomagajanlat\/","og_site_name":"MOKOS","article_modified_time":"2025-01-21T12:25:14+00:00","twitter_card":"summary_large_image","twitter_misc":{"Gesch\u00e4tzte Lesezeit":"3\u00a0Minuten"},"schema":{"@context":"https:\/\/schema.org","@graph":[{"@type":"WebPage","@id":"https:\/\/mokos.hu\/szallas-es-etterem\/nyarvaro-csomagajanlat\/","url":"https:\/\/mokos.hu\/szallas-es-etterem\/nyarvaro-csomagajanlat\/","name":"Ny\u00e1rv\u00e1r\u00f3 Csomagaj\u00e1nlat - MOKOS","isPartOf":{"@id":"https:\/\/mokos.hu\/#website"},"datePublished":"2019-04-12T11:06:33+00:00","dateModified":"2025-01-21T12:25:14+00:00","breadcrumb":{"@id":"https:\/\/mokos.hu\/szallas-es-etterem\/nyarvaro-csomagajanlat\/#breadcrumb"},"inLanguage":"de","potentialAction":[{"@type":"ReadAction","target":["https:\/\/mokos.hu\/szallas-es-etterem\/nyarvaro-csomagajanlat\/"]}]},{"@type":"BreadcrumbList","@id":"https:\/\/mokos.hu\/szallas-es-etterem\/nyarvaro-csomagajanlat\/#breadcrumb","itemListElement":[{"@type":"ListItem","position":1,"name":"Home","item":"https:\/\/mokos.hu\/"},{"@type":"ListItem","position":2,"name":"Sz\u00e1ll\u00e1s \u00e9s \u00c9tterem","item":"https:\/\/mokos.hu\/szallas-es-etterem\/"},{"@type":"ListItem","position":3,"name":"Ny\u00e1rv\u00e1r\u00f3 Csomagaj\u00e1nlat"}]},{"@type":"WebSite","@id":"https:\/\/mokos.hu\/#website","url":"https:\/\/mokos.hu\/","name":"MOKOS","description":"Familienweingut, Palkonya","publisher":{"@id":"https:\/\/mokos.hu\/#organization"},"potentialAction":[{"@type":"SearchAction","target":{"@type":"EntryPoint","urlTemplate":"https:\/\/mokos.hu\/?s={search_term_string}"},"query-input":{"@type":"PropertyValueSpecification","valueRequired":true,"valueName":"search_term_string"}}],"inLanguage":"de"},{"@type":"Organization","@id":"https:\/\/mokos.hu\/#organization","name":"MOKOS","url":"https:\/\/mokos.hu\/","logo":{"@type":"ImageObject","inLanguage":"de","@id":"https:\/\/mokos.hu\/#\/schema\/logo\/image\/","url":"https:\/\/mokos.hu\/wp-content\/uploads\/2018\/11\/cropped-Mokos_Villanyi-Borvidek-Palkonya-1.png","contentUrl":"https:\/\/mokos.hu\/wp-content\/uploads\/2018\/11\/cropped-Mokos_Villanyi-Borvidek-Palkonya-1.png","width":1000,"height":245,"caption":"MOKOS"},"image":{"@id":"https:\/\/mokos.hu\/#\/schema\/logo\/image\/"}}]}},"_links":{"self":[{"href":"https:\/\/mokos.hu\/de\/wp-json\/wp\/v2\/pages\/7356","targetHints":{"allow":["GET"]}}],"collection":[{"href":"https:\/\/mokos.hu\/de\/wp-json\/wp\/v2\/pages"}],"about":[{"href":"https:\/\/mokos.hu\/de\/wp-json\/wp\/v2\/types\/page"}],"author":[{"embeddable":true,"href":"https:\/\/mokos.hu\/de\/wp-json\/wp\/v2\/users\/6"}],"replies":[{"embeddable":true,"href":"https:\/\/mokos.hu\/de\/wp-json\/wp\/v2\/comments?post=7356"}],"version-history":[{"count":0,"href":"https:\/\/mokos.hu\/de\/wp-json\/wp\/v2\/pages\/7356\/revisions"}],"up":[{"embeddable":true,"href":"https:\/\/mokos.hu\/de\/wp-json\/wp\/v2\/pages\/7251"}],"wp:attachment":[{"href":"https:\/\/mokos.hu\/de\/wp-json\/wp\/v2\/media?parent=7356"}],"curies":[{"name":"wp","href":"https:\/\/api.w.org\/{rel}","templated":true}]}}